{"id":1239,"date":"2021-01-13T16:29:55","date_gmt":"2021-01-13T16:29:55","guid":{"rendered":"https:\/\/smartmag.theme-sphere.com\/tech-2\/"},"modified":"2024-04-15T13:27:22","modified_gmt":"2024-04-15T13:27:22","slug":"homepage","status":"publish","type":"page","link":"https:\/\/partedepesca.com.ar\/d\/","title":{"rendered":"Parte de Pesca"},"content":{"rendered":"\t\t<div data-elementor-type=\"wp-page\" data-elementor-id=\"1239\" class=\"elementor elementor-1239\">\n\t\t\t\t\t\t<section class=\"has-el-gap el-gap-default elementor-section elementor-top-section elementor-element elementor-element-7bb5416 elementor-section-full_width elementor-section-height-default elementor-section-height-default\" data-id=\"7bb5416\" data-element_type=\"section\" data-e-type=\"section\">\n\t\t\t\t\t\t<div class=\"elementor-container elementor-column-gap-no\">\n\t\t\t\t\t<div class=\"elementor-column elementor-col-100 elementor-top-column elementor-element elementor-element-3d18b85\" data-id=\"3d18b85\" data-element_type=\"column\" data-e-type=\"column\">\n\t\t\t<div class=\"elementor-widget-wrap elementor-element-populated\">\n\t\t\t\t\t\t<div class=\"elementor-element elementor-element-822f178 elementor-widget elementor-widget-smartmag-featgrid\" data-id=\"822f178\" data-element_type=\"widget\" data-e-type=\"widget\" data-widget_type=\"smartmag-featgrid.default\">\n\t\t\t\t<div class=\"elementor-widget-container\">\n\t\t\t\t\t\t\t<section class=\"block-wrap block-feat-grid block-sc mb-none\" data-id=\"1\">\n\n\t\t\t\t\n\t\t\t<div class=\"block-content\">\n\t\t\t\t\t\n<section class=\"feat-grid feat-grid-b static feat-grid-full feat-grid-b-full feat-grid-height\">\n\n\t<div class=\"slides\" data-parallax>\n\t\n\t\n\t\t\t\t\t<div class=\"items-wrap slide-wrap\">\n\t\t\t\t\t\n\t\t\t\t\t\t\t\n\t\t\t\t<div class=\"item item-large item-main item-1 pos-bot\">\n\n\t\t\t\t\t\n<article class=\"l-post grid-overlay grid-overlay-a hover-zoom\">\n\n\t\n\t\t\t<div class=\"media\">\n\n\t\t\n\t\t\t<a href=\"https:\/\/partedepesca.com.ar\/d\/ante-la-falta-de-incentivos-para-sus-puertos-santa-cruz-revisara-la-veda-del-golfo-san-jorge\/\" class=\"image-link\" title=\"Ante la falta de incentivos para sus puertos, Santa Cruz &#8220;revisar\u00e1&#8221; la veda del golfo San Jorge\"><img fetchpriority=\"high\" decoding=\"async\" width=\"1536\" height=\"691\" src=\"https:\/\/partedepesca.com.ar\/d\/wp-content\/uploads\/2026\/04\/puerto-de-Puerto-Deseado-1536x691.jpg\" class=\"attachment-1536x1536 size-1536x1536 wp-post-image\" alt=\"\" sizes=\"(max-width: 1200px) 100vw, 1200px\" title=\"Ante la falta de incentivos para sus puertos, Santa Cruz &#8220;revisar\u00e1&#8221; la veda del golfo San Jorge\" srcset=\"https:\/\/partedepesca.com.ar\/d\/wp-content\/uploads\/2026\/04\/puerto-de-Puerto-Deseado-1536x691.jpg 1536w, https:\/\/partedepesca.com.ar\/d\/wp-content\/uploads\/2026\/04\/puerto-de-Puerto-Deseado-300x135.jpg 300w, https:\/\/partedepesca.com.ar\/d\/wp-content\/uploads\/2026\/04\/puerto-de-Puerto-Deseado-1024x461.jpg 1024w, https:\/\/partedepesca.com.ar\/d\/wp-content\/uploads\/2026\/04\/puerto-de-Puerto-Deseado-768x345.jpg 768w, https:\/\/partedepesca.com.ar\/d\/wp-content\/uploads\/2026\/04\/puerto-de-Puerto-Deseado-150x67.jpg 150w, https:\/\/partedepesca.com.ar\/d\/wp-content\/uploads\/2026\/04\/puerto-de-Puerto-Deseado-450x202.jpg 450w, https:\/\/partedepesca.com.ar\/d\/wp-content\/uploads\/2026\/04\/puerto-de-Puerto-Deseado-1200x540.jpg 1200w, https:\/\/partedepesca.com.ar\/d\/wp-content\/uploads\/2026\/04\/puerto-de-Puerto-Deseado.jpg 1632w\" \/><\/a>\t\t\t\n\t\t\t\n\t\t\t\n\t\t\t\n\t\t\n\t\t<\/div>\n\t\n\n\t\t\t<div class=\"content-wrap\">\n\t\n\t\t<div class=\"content\">\n\n\t\t\t<div class=\"post-meta post-meta-a meta-contrast has-below\"><div class=\"post-meta-items meta-above\"><span class=\"meta-item cat-labels\">\n\t\t\t\t\t\t\n\t\t\t\t\t\t<a href=\"https:\/\/partedepesca.com.ar\/d\/temas\/actualidad\/\" class=\"category term-color-9\" rel=\"category\" tabindex=\"-1\">Actualidad<\/a>\n\t\t\t\t\t<\/span>\n\t\t\t\t\t<\/div><h2 class=\"is-title post-title\"><a href=\"https:\/\/partedepesca.com.ar\/d\/ante-la-falta-de-incentivos-para-sus-puertos-santa-cruz-revisara-la-veda-del-golfo-san-jorge\/\">Ante la falta de incentivos para sus puertos, Santa Cruz &#8220;revisar\u00e1&#8221; la veda del golfo San Jorge<\/a><\/h2><div class=\"post-meta-items meta-below\"><span class=\"meta-item post-author\"><a href=\"https:\/\/partedepesca.com.ar\/d\/author\/redaccion\/\" title=\"Entradas de redaccion\" rel=\"author\">redaccion<\/a><\/span><span class=\"meta-item date\"><span class=\"date-link\"><time class=\"post-date\" datetime=\"2026-04-29T11:01:31+00:00\">29 abril, 2026<\/time><\/span><\/span><\/div><\/div>\t\t\t\n\t\t\t\n\t\t\t\n\t\t<\/div>\n\n\t\t\t<\/div>\n\t\n<\/article>\n\t\t\t\t<\/div>\n\t\t\t\t\t\t\t\n\t\t\t\t\t\t\t\n\t\t\t\t<div class=\"item item-medium item-2 pos-bot\">\n\n\t\t\t\t\t\n<article class=\"l-post grid-overlay grid-overlay-a hover-zoom\">\n\n\t\n\t\t\t<div class=\"media\">\n\n\t\t\n\t\t\t<a href=\"https:\/\/partedepesca.com.ar\/d\/acusan-al-somu-de-paralizar-100-barcos-y-dejar-a-miles-de-marineros-sin-embarque\/\" class=\"image-link\" title=\"Acusan al SOMU de paralizar 100 barcos y dejar a miles de marineros sin embarque\"><img decoding=\"async\" width=\"768\" height=\"444\" src=\"https:\/\/partedepesca.com.ar\/d\/wp-content\/uploads\/2024\/05\/PARTE-DE-PESCA-langostineros-aguas-nacionales-768x444.jpg\" class=\"attachment-bunyad-768 size-bunyad-768 wp-post-image\" alt=\"\" sizes=\"(max-width: 768px) 50vw, 550px\" title=\"Acusan al SOMU de paralizar 100 barcos y dejar a miles de marineros sin embarque\" srcset=\"https:\/\/partedepesca.com.ar\/d\/wp-content\/uploads\/2024\/05\/PARTE-DE-PESCA-langostineros-aguas-nacionales-768x444.jpg 768w, https:\/\/partedepesca.com.ar\/d\/wp-content\/uploads\/2024\/05\/PARTE-DE-PESCA-langostineros-aguas-nacionales-1024x593.jpg 1024w, https:\/\/partedepesca.com.ar\/d\/wp-content\/uploads\/2024\/05\/PARTE-DE-PESCA-langostineros-aguas-nacionales-1536x889.jpg 1536w, https:\/\/partedepesca.com.ar\/d\/wp-content\/uploads\/2024\/05\/PARTE-DE-PESCA-langostineros-aguas-nacionales-2048x1185.jpg 2048w, https:\/\/partedepesca.com.ar\/d\/wp-content\/uploads\/2024\/05\/PARTE-DE-PESCA-langostineros-aguas-nacionales-1200x694.jpg 1200w\" \/><\/a>\t\t\t\n\t\t\t\n\t\t\t\n\t\t\t\n\t\t\n\t\t<\/div>\n\t\n\n\t\t\t<div class=\"content-wrap\">\n\t\n\t\t<div class=\"content\">\n\n\t\t\t<div class=\"post-meta post-meta-a meta-contrast has-below\"><div class=\"post-meta-items meta-above\"><span class=\"meta-item cat-labels\">\n\t\t\t\t\t\t\n\t\t\t\t\t\t<a href=\"https:\/\/partedepesca.com.ar\/d\/temas\/actualidad\/\" class=\"category term-color-9\" rel=\"category\" tabindex=\"-1\">Actualidad<\/a>\n\t\t\t\t\t<\/span>\n\t\t\t\t\t<\/div><h2 class=\"is-title post-title\"><a href=\"https:\/\/partedepesca.com.ar\/d\/acusan-al-somu-de-paralizar-100-barcos-y-dejar-a-miles-de-marineros-sin-embarque\/\">Acusan al SOMU de paralizar 100 barcos y dejar a miles de marineros sin embarque<\/a><\/h2><div class=\"post-meta-items meta-below\"><span class=\"meta-item post-author\"><a href=\"https:\/\/partedepesca.com.ar\/d\/author\/redaccion\/\" title=\"Entradas de redaccion\" rel=\"author\">redaccion<\/a><\/span><span class=\"meta-item date\"><span class=\"date-link\"><time class=\"post-date\" datetime=\"2026-04-29T03:09:13+00:00\">29 abril, 2026<\/time><\/span><\/span><\/div><\/div>\t\t\t\n\t\t\t\n\t\t\t\n\t\t<\/div>\n\n\t\t\t<\/div>\n\t\n<\/article>\n\t\t\t\t<\/div>\n\t\t\t\t\t\t\t\n\t\t\t\t\t\t\t\n\t\t\t\t<div class=\"item item-medium item-3 pos-bot\">\n\n\t\t\t\t\t\n<article class=\"l-post grid-overlay grid-overlay-a hover-zoom\">\n\n\t\n\t\t\t<div class=\"media\">\n\n\t\t\n\t\t\t<a href=\"https:\/\/partedepesca.com.ar\/d\/el-trabajador-quiere-salir-dijo-sastre-y-denuncia-intereses-ocultos-que-frenan-el-acuerdo\/\" class=\"image-link\" title=\"\u201cEl trabajador quiere salir&#8221;, dijo Sastre y denuncia intereses ocultos que frenan el acuerdo\"><img decoding=\"async\" width=\"768\" height=\"512\" src=\"https:\/\/partedepesca.com.ar\/d\/wp-content\/uploads\/2026\/03\/rada-madryn-flota-congeladora-tangonera-768x512.jpg\" class=\"attachment-bunyad-768 size-bunyad-768 wp-post-image\" alt=\"\" sizes=\"(max-width: 768px) 50vw, 550px\" title=\"\u201cEl trabajador quiere salir&#8221;, dijo Sastre y denuncia intereses ocultos que frenan el acuerdo\" srcset=\"https:\/\/partedepesca.com.ar\/d\/wp-content\/uploads\/2026\/03\/rada-madryn-flota-congeladora-tangonera-768x512.jpg 768w, https:\/\/partedepesca.com.ar\/d\/wp-content\/uploads\/2026\/03\/rada-madryn-flota-congeladora-tangonera-1024x683.jpg 1024w, https:\/\/partedepesca.com.ar\/d\/wp-content\/uploads\/2026\/03\/rada-madryn-flota-congeladora-tangonera-1200x800.jpg 1200w, https:\/\/partedepesca.com.ar\/d\/wp-content\/uploads\/2026\/03\/rada-madryn-flota-congeladora-tangonera.jpg 1536w\" \/><\/a>\t\t\t\n\t\t\t\n\t\t\t\n\t\t\t\n\t\t\n\t\t<\/div>\n\t\n\n\t\t\t<div class=\"content-wrap\">\n\t\n\t\t<div class=\"content\">\n\n\t\t\t<div class=\"post-meta post-meta-a meta-contrast has-below\"><div class=\"post-meta-items meta-above\"><span class=\"meta-item cat-labels\">\n\t\t\t\t\t\t\n\t\t\t\t\t\t<a href=\"https:\/\/partedepesca.com.ar\/d\/temas\/actualidad\/\" class=\"category term-color-9\" rel=\"category\" tabindex=\"-1\">Actualidad<\/a>\n\t\t\t\t\t<\/span>\n\t\t\t\t\t<\/div><h2 class=\"is-title post-title\"><a href=\"https:\/\/partedepesca.com.ar\/d\/el-trabajador-quiere-salir-dijo-sastre-y-denuncia-intereses-ocultos-que-frenan-el-acuerdo\/\">\u201cEl trabajador quiere salir&#8221;, dijo Sastre y denuncia intereses ocultos que frenan el acuerdo<\/a><\/h2><div class=\"post-meta-items meta-below\"><span class=\"meta-item post-author\"><a href=\"https:\/\/partedepesca.com.ar\/d\/author\/redaccion\/\" title=\"Entradas de redaccion\" rel=\"author\">redaccion<\/a><\/span><span class=\"meta-item date\"><span class=\"date-link\"><time class=\"post-date\" datetime=\"2026-04-28T03:15:59+00:00\">28 abril, 2026<\/time><\/span><\/span><\/div><\/div>\t\t\t\n\t\t\t\n\t\t\t\n\t\t<\/div>\n\n\t\t\t<\/div>\n\t\n<\/article>\n\t\t\t\t<\/div>\n\t\t\t\t\t\t\t\n\t\t\t\t\t\t\t\n\t\t\t\t\t<\/div>\n\t\t\n\t\t<\/div>\n\n<\/section>\n\t\t\t<\/div>\n\n\t\t<\/section>\n\t\t\t\t\t\t<\/div>\n\t\t\t\t<\/div>\n\t\t\t\t\t<\/div>\n\t\t<\/div>\n\t\t\t\t\t<\/div>\n\t\t<\/section>\n\t\t\t\t<section class=\"has-el-gap el-gap-default elementor-section elementor-top-section elementor-element elementor-element-df25c86 elementor-section-boxed elementor-section-height-default elementor-section-height-default\" data-id=\"df25c86\" data-element_type=\"section\" data-e-type=\"section\">\n\t\t\t\t\t\t<div class=\"elementor-container elementor-column-gap-no\">\n\t\t\t\t\t<div class=\"elementor-column elementor-col-100 elementor-top-column elementor-element elementor-element-4f1faf7\" data-id=\"4f1faf7\" data-element_type=\"column\" data-e-type=\"column\">\n\t\t\t<div class=\"elementor-widget-wrap elementor-element-populated\">\n\t\t\t\t\t\t<div class=\"elementor-element elementor-element-78371d1 elementor-widget elementor-widget-smartmag-grid\" data-id=\"78371d1\" data-element_type=\"widget\" data-e-type=\"widget\" data-widget_type=\"smartmag-grid.default\">\n\t\t\t\t<div class=\"elementor-widget-container\">\n\t\t\t\t\t\t\t<section class=\"block-wrap block-grid block-sc\" data-id=\"2\">\n\n\t\t\t\t\t\t\t\t\n\t\t\t\t\t\t\t\n\t\t\t\t<div class=\"block-head block-head-a block-head-a1 is-left\">\n\n\t\t\t\t\t<h4 class=\"heading\">\u00daltimas noticias<\/h4>\t\t\t\t\t\n\t\t\t\t\t\t\t\t\t<\/div>\n\t\t\t\t\n\t\t\t\n\t\t\t\n\t\t\t<div class=\"block-content\">\n\t\t\t\t\t\n\t<div class=\"loop loop-grid loop-grid-base grid grid-3 md:grid-2 xs:grid-1\">\n\n\t\t\t\t\t\n<article class=\"l-post grid-post grid-base-post\">\n\n\t\n\t\t\t<div class=\"media\">\n\n\t\t\n\t\t\t<a href=\"https:\/\/partedepesca.com.ar\/d\/alvarez-castellano-aseguro-que-liberman-destrozo-la-pesca-y-ahora-hace-lobby\/\" class=\"image-link media-ratio ratio-16-9\" title=\"\u00c1lvarez Castellano asegur\u00f3 que Liberman &#8220;destroz\u00f3 la pesca y ahora hace lobby\u201d\"><img loading=\"lazy\" decoding=\"async\" width=\"377\" height=\"212\" src=\"https:\/\/partedepesca.com.ar\/d\/wp-content\/uploads\/2025\/10\/FAC-fernando-alvarez-castellano-conarpesa-vigo-2025-450x586.jpg\" class=\"attachment-bunyad-medium size-bunyad-medium wp-post-image\" alt=\"\" sizes=\"(max-width: 377px) 100vw, 377px\" title=\"\u00c1lvarez Castellano asegur\u00f3 que Liberman &#8220;destroz\u00f3 la pesca y ahora hace lobby\u201d\" srcset=\"https:\/\/partedepesca.com.ar\/d\/wp-content\/uploads\/2025\/10\/FAC-fernando-alvarez-castellano-conarpesa-vigo-2025-450x586.jpg 450w, https:\/\/partedepesca.com.ar\/d\/wp-content\/uploads\/2025\/10\/FAC-fernando-alvarez-castellano-conarpesa-vigo-2025-230x300.jpg 230w, https:\/\/partedepesca.com.ar\/d\/wp-content\/uploads\/2025\/10\/FAC-fernando-alvarez-castellano-conarpesa-vigo-2025-787x1024.jpg 787w, https:\/\/partedepesca.com.ar\/d\/wp-content\/uploads\/2025\/10\/FAC-fernando-alvarez-castellano-conarpesa-vigo-2025-768x1000.jpg 768w, https:\/\/partedepesca.com.ar\/d\/wp-content\/uploads\/2025\/10\/FAC-fernando-alvarez-castellano-conarpesa-vigo-2025-1180x1536.jpg 1180w, https:\/\/partedepesca.com.ar\/d\/wp-content\/uploads\/2025\/10\/FAC-fernando-alvarez-castellano-conarpesa-vigo-2025-1573x2048.jpg 1573w, https:\/\/partedepesca.com.ar\/d\/wp-content\/uploads\/2025\/10\/FAC-fernando-alvarez-castellano-conarpesa-vigo-2025-1200x1562.jpg 1200w, https:\/\/partedepesca.com.ar\/d\/wp-content\/uploads\/2025\/10\/FAC-fernando-alvarez-castellano-conarpesa-vigo-2025-scaled.jpg 1966w\" \/><\/a>\t\t\t\n\t\t\t\n\t\t\t\n\t\t\t\n\t\t\n\t\t<\/div>\n\t\n\n\t\n\t\t<div class=\"content\">\n\n\t\t\t<div class=\"post-meta post-meta-a has-below\"><h2 class=\"is-title post-title\"><a href=\"https:\/\/partedepesca.com.ar\/d\/alvarez-castellano-aseguro-que-liberman-destrozo-la-pesca-y-ahora-hace-lobby\/\">\u00c1lvarez Castellano asegur\u00f3 que Liberman &#8220;destroz\u00f3 la pesca y ahora hace lobby\u201d<\/a><\/h2><div class=\"post-meta-items meta-below\"><span class=\"meta-item date\"><span class=\"date-link\"><time class=\"post-date\" datetime=\"2026-04-28T02:56:44+00:00\">28 abril, 2026<\/time><\/span><\/span><\/div><\/div>\t\t\t\n\t\t\t\n\t\t\t\n\t\t<\/div>\n\n\t\n<\/article>\t\t\t\t\t\n<article class=\"l-post grid-post grid-base-post\">\n\n\t\n\t\t\t<div class=\"media\">\n\n\t\t\n\t\t\t<a href=\"https:\/\/partedepesca.com.ar\/d\/el-sector-pesquero-en-crisis-por-costos-impuestos-y-caida-de-rentabilidad\/\" class=\"image-link media-ratio ratio-16-9\" title=\"El sector pesquero en crisis por costos, impuestos y ca\u00edda de rentabilidad\"><img loading=\"lazy\" decoding=\"async\" width=\"377\" height=\"212\" src=\"https:\/\/partedepesca.com.ar\/d\/wp-content\/uploads\/2024\/09\/filetear-merluza-MDQ-450x388.jpg\" class=\"attachment-bunyad-medium size-bunyad-medium wp-post-image\" alt=\"\" sizes=\"(max-width: 377px) 100vw, 377px\" title=\"El sector pesquero en crisis por costos, impuestos y ca\u00edda de rentabilidad\" srcset=\"https:\/\/partedepesca.com.ar\/d\/wp-content\/uploads\/2024\/09\/filetear-merluza-MDQ-450x388.jpg 450w, https:\/\/partedepesca.com.ar\/d\/wp-content\/uploads\/2024\/09\/filetear-merluza-MDQ-300x259.jpg 300w, https:\/\/partedepesca.com.ar\/d\/wp-content\/uploads\/2024\/09\/filetear-merluza-MDQ-1024x884.jpg 1024w, https:\/\/partedepesca.com.ar\/d\/wp-content\/uploads\/2024\/09\/filetear-merluza-MDQ-768x663.jpg 768w, https:\/\/partedepesca.com.ar\/d\/wp-content\/uploads\/2024\/09\/filetear-merluza-MDQ-1536x1325.jpg 1536w, https:\/\/partedepesca.com.ar\/d\/wp-content\/uploads\/2024\/09\/filetear-merluza-MDQ-2048x1767.jpg 2048w, https:\/\/partedepesca.com.ar\/d\/wp-content\/uploads\/2024\/09\/filetear-merluza-MDQ-1200x1035.jpg 1200w\" \/><\/a>\t\t\t\n\t\t\t\n\t\t\t\n\t\t\t\n\t\t\n\t\t<\/div>\n\t\n\n\t\n\t\t<div class=\"content\">\n\n\t\t\t<div class=\"post-meta post-meta-a has-below\"><h2 class=\"is-title post-title\"><a href=\"https:\/\/partedepesca.com.ar\/d\/el-sector-pesquero-en-crisis-por-costos-impuestos-y-caida-de-rentabilidad\/\">El sector pesquero en crisis por costos, impuestos y ca\u00edda de rentabilidad<\/a><\/h2><div class=\"post-meta-items meta-below\"><span class=\"meta-item date\"><span class=\"date-link\"><time class=\"post-date\" datetime=\"2026-04-27T09:48:09+00:00\">27 abril, 2026<\/time><\/span><\/span><\/div><\/div>\t\t\t\n\t\t\t\n\t\t\t\n\t\t<\/div>\n\n\t\n<\/article>\t\t\t\t\t\n<article class=\"l-post grid-post grid-base-post\">\n\n\t\n\t\t\t<div class=\"media\">\n\n\t\t\n\t\t\t<a href=\"https:\/\/partedepesca.com.ar\/d\/capitanes-pide-revisar-cambios-a-la-reasignacion-de-cuotas-de-merluza-hubbsi\/\" class=\"image-link media-ratio ratio-16-9\" title=\"Capitanes pide revisar cambios a la reasignaci\u00f3n de cuotas de merluza\u00a0hubbsi\u00a0\"><img loading=\"lazy\" decoding=\"async\" width=\"377\" height=\"212\" src=\"https:\/\/partedepesca.com.ar\/d\/wp-content\/uploads\/2026\/03\/barco-colorado-fresquero-de-altura-mar-del-plata-1-450x285.jpg\" class=\"attachment-bunyad-medium size-bunyad-medium wp-post-image\" alt=\"\" sizes=\"(max-width: 377px) 100vw, 377px\" title=\"Capitanes pide revisar cambios a la reasignaci\u00f3n de cuotas de merluza\u00a0hubbsi\u00a0\" srcset=\"https:\/\/partedepesca.com.ar\/d\/wp-content\/uploads\/2026\/03\/barco-colorado-fresquero-de-altura-mar-del-plata-1-450x285.jpg 450w, https:\/\/partedepesca.com.ar\/d\/wp-content\/uploads\/2026\/03\/barco-colorado-fresquero-de-altura-mar-del-plata-1-1024x649.jpg 1024w, https:\/\/partedepesca.com.ar\/d\/wp-content\/uploads\/2026\/03\/barco-colorado-fresquero-de-altura-mar-del-plata-1-768x487.jpg 768w, https:\/\/partedepesca.com.ar\/d\/wp-content\/uploads\/2026\/03\/barco-colorado-fresquero-de-altura-mar-del-plata-1-1200x761.jpg 1200w, https:\/\/partedepesca.com.ar\/d\/wp-content\/uploads\/2026\/03\/barco-colorado-fresquero-de-altura-mar-del-plata-1.jpg 1536w\" \/><\/a>\t\t\t\n\t\t\t\n\t\t\t\n\t\t\t\n\t\t\n\t\t<\/div>\n\t\n\n\t\n\t\t<div class=\"content\">\n\n\t\t\t<div class=\"post-meta post-meta-a has-below\"><h2 class=\"is-title post-title\"><a href=\"https:\/\/partedepesca.com.ar\/d\/capitanes-pide-revisar-cambios-a-la-reasignacion-de-cuotas-de-merluza-hubbsi\/\">Capitanes pide revisar cambios a la reasignaci\u00f3n de cuotas de merluza\u00a0hubbsi\u00a0<\/a><\/h2><div class=\"post-meta-items meta-below\"><span class=\"meta-item date\"><span class=\"date-link\"><time class=\"post-date\" datetime=\"2026-04-27T09:44:45+00:00\">27 abril, 2026<\/time><\/span><\/span><\/div><\/div>\t\t\t\n\t\t\t\n\t\t\t\n\t\t<\/div>\n\n\t\n<\/article>\t\t\t\t\t\n<article class=\"l-post grid-post grid-base-post\">\n\n\t\n\t\t\t<div class=\"media\">\n\n\t\t\n\t\t\t<a href=\"https:\/\/partedepesca.com.ar\/d\/reforma-laboral-los-acuerdos-particulares-estan-vigentes\/\" class=\"image-link media-ratio ratio-16-9\" title=\"Reforma Laboral: los &#8220;acuerdos particulares&#8221; est\u00e1n vigentes\"><img loading=\"lazy\" decoding=\"async\" width=\"377\" height=\"212\" src=\"https:\/\/partedepesca.com.ar\/d\/wp-content\/uploads\/2025\/03\/flota-congeladora-tangonera-1-450x338.jpg\" class=\"attachment-bunyad-medium size-bunyad-medium wp-post-image\" alt=\"\" sizes=\"(max-width: 377px) 100vw, 377px\" title=\"Reforma Laboral: los &#8220;acuerdos particulares&#8221; est\u00e1n vigentes\" srcset=\"https:\/\/partedepesca.com.ar\/d\/wp-content\/uploads\/2025\/03\/flota-congeladora-tangonera-1-450x338.jpg 450w, https:\/\/partedepesca.com.ar\/d\/wp-content\/uploads\/2025\/03\/flota-congeladora-tangonera-1-300x225.jpg 300w, https:\/\/partedepesca.com.ar\/d\/wp-content\/uploads\/2025\/03\/flota-congeladora-tangonera-1-1024x768.jpg 1024w, https:\/\/partedepesca.com.ar\/d\/wp-content\/uploads\/2025\/03\/flota-congeladora-tangonera-1-768x576.jpg 768w, https:\/\/partedepesca.com.ar\/d\/wp-content\/uploads\/2025\/03\/flota-congeladora-tangonera-1-1536x1152.jpg 1536w, https:\/\/partedepesca.com.ar\/d\/wp-content\/uploads\/2025\/03\/flota-congeladora-tangonera-1-1200x900.jpg 1200w, https:\/\/partedepesca.com.ar\/d\/wp-content\/uploads\/2025\/03\/flota-congeladora-tangonera-1.jpg 2048w\" \/><\/a>\t\t\t\n\t\t\t\n\t\t\t\n\t\t\t\n\t\t\n\t\t<\/div>\n\t\n\n\t\n\t\t<div class=\"content\">\n\n\t\t\t<div class=\"post-meta post-meta-a has-below\"><h2 class=\"is-title post-title\"><a href=\"https:\/\/partedepesca.com.ar\/d\/reforma-laboral-los-acuerdos-particulares-estan-vigentes\/\">Reforma Laboral: los &#8220;acuerdos particulares&#8221; est\u00e1n vigentes<\/a><\/h2><div class=\"post-meta-items meta-below\"><span class=\"meta-item date\"><span class=\"date-link\"><time class=\"post-date\" datetime=\"2026-04-24T07:07:00+00:00\">24 abril, 2026<\/time><\/span><\/span><\/div><\/div>\t\t\t\n\t\t\t\n\t\t\t\n\t\t<\/div>\n\n\t\n<\/article>\t\t\t\t\t\n<article class=\"l-post grid-post grid-base-post\">\n\n\t\n\t\t\t<div class=\"media\">\n\n\t\t\n\t\t\t<a href=\"https:\/\/partedepesca.com.ar\/d\/peligrosa-chicana-del-somu-perjudica-a-miles-de-marineros\/\" class=\"image-link media-ratio ratio-16-9\" title=\"Durdos no firma el acuerdo para obtener otra pr\u00f3rroga de mandato hasta julio\"><img loading=\"lazy\" decoding=\"async\" width=\"377\" height=\"212\" src=\"https:\/\/partedepesca.com.ar\/d\/wp-content\/uploads\/2026\/04\/durdos-conduccion-450x275.png\" class=\"attachment-bunyad-medium size-bunyad-medium wp-post-image\" alt=\"\" sizes=\"(max-width: 377px) 100vw, 377px\" title=\"Durdos no firma el acuerdo para obtener otra pr\u00f3rroga de mandato hasta julio\" srcset=\"https:\/\/partedepesca.com.ar\/d\/wp-content\/uploads\/2026\/04\/durdos-conduccion-450x275.png 450w, https:\/\/partedepesca.com.ar\/d\/wp-content\/uploads\/2026\/04\/durdos-conduccion-300x183.png 300w, https:\/\/partedepesca.com.ar\/d\/wp-content\/uploads\/2026\/04\/durdos-conduccion-1024x626.png 1024w, https:\/\/partedepesca.com.ar\/d\/wp-content\/uploads\/2026\/04\/durdos-conduccion-768x469.png 768w, https:\/\/partedepesca.com.ar\/d\/wp-content\/uploads\/2026\/04\/durdos-conduccion-1536x938.png 1536w, https:\/\/partedepesca.com.ar\/d\/wp-content\/uploads\/2026\/04\/durdos-conduccion-150x92.png 150w, https:\/\/partedepesca.com.ar\/d\/wp-content\/uploads\/2026\/04\/durdos-conduccion-1200x733.png 1200w, https:\/\/partedepesca.com.ar\/d\/wp-content\/uploads\/2026\/04\/durdos-conduccion.png 1604w\" \/><\/a>\t\t\t\n\t\t\t\n\t\t\t\n\t\t\t\n\t\t\n\t\t<\/div>\n\t\n\n\t\n\t\t<div class=\"content\">\n\n\t\t\t<div class=\"post-meta post-meta-a has-below\"><h2 class=\"is-title post-title\"><a href=\"https:\/\/partedepesca.com.ar\/d\/peligrosa-chicana-del-somu-perjudica-a-miles-de-marineros\/\">Durdos no firma el acuerdo para obtener otra pr\u00f3rroga de mandato hasta julio<\/a><\/h2><div class=\"post-meta-items meta-below\"><span class=\"meta-item date\"><span class=\"date-link\"><time class=\"post-date\" datetime=\"2026-04-24T06:57:18+00:00\">24 abril, 2026<\/time><\/span><\/span><\/div><\/div>\t\t\t\n\t\t\t\n\t\t\t\n\t\t<\/div>\n\n\t\n<\/article>\t\t\t\t\t\n<article class=\"l-post grid-post grid-base-post\">\n\n\t\n\t\t\t<div class=\"media\">\n\n\t\t\n\t\t\t<a href=\"https:\/\/partedepesca.com.ar\/d\/de-la-fuente-la-propuesta-hecha-es-la-que-sostenemos-y-ratificamos\/\" class=\"image-link media-ratio ratio-16-9\" title=\"De la Fuente: \u201cLa propuesta hecha es la que sostenemos y ratificamos\u201d\"><img loading=\"lazy\" decoding=\"async\" width=\"377\" height=\"212\" src=\"https:\/\/partedepesca.com.ar\/d\/wp-content\/uploads\/2026\/04\/PARTE-DE-PESCA-Agustin-de-la-Fuente-450x300.jpg\" class=\"attachment-bunyad-medium size-bunyad-medium wp-post-image\" alt=\"\" sizes=\"(max-width: 377px) 100vw, 377px\" title=\"De la Fuente: \u201cLa propuesta hecha es la que sostenemos y ratificamos\u201d\" srcset=\"https:\/\/partedepesca.com.ar\/d\/wp-content\/uploads\/2026\/04\/PARTE-DE-PESCA-Agustin-de-la-Fuente-450x300.jpg 450w, https:\/\/partedepesca.com.ar\/d\/wp-content\/uploads\/2026\/04\/PARTE-DE-PESCA-Agustin-de-la-Fuente-1024x683.jpg 1024w, https:\/\/partedepesca.com.ar\/d\/wp-content\/uploads\/2026\/04\/PARTE-DE-PESCA-Agustin-de-la-Fuente-768x512.jpg 768w, https:\/\/partedepesca.com.ar\/d\/wp-content\/uploads\/2026\/04\/PARTE-DE-PESCA-Agustin-de-la-Fuente-1536x1024.jpg 1536w, https:\/\/partedepesca.com.ar\/d\/wp-content\/uploads\/2026\/04\/PARTE-DE-PESCA-Agustin-de-la-Fuente-2048x1365.jpg 2048w, https:\/\/partedepesca.com.ar\/d\/wp-content\/uploads\/2026\/04\/PARTE-DE-PESCA-Agustin-de-la-Fuente-1200x800.jpg 1200w\" \/><\/a>\t\t\t\n\t\t\t\n\t\t\t\n\t\t\t\n\t\t\n\t\t<\/div>\n\t\n\n\t\n\t\t<div class=\"content\">\n\n\t\t\t<div class=\"post-meta post-meta-a has-below\"><h2 class=\"is-title post-title\"><a href=\"https:\/\/partedepesca.com.ar\/d\/de-la-fuente-la-propuesta-hecha-es-la-que-sostenemos-y-ratificamos\/\">De la Fuente: \u201cLa propuesta hecha es la que sostenemos y ratificamos\u201d<\/a><\/h2><div class=\"post-meta-items meta-below\"><span class=\"meta-item date\"><span class=\"date-link\"><time class=\"post-date\" datetime=\"2026-04-24T06:56:00+00:00\">24 abril, 2026<\/time><\/span><\/span><\/div><\/div>\t\t\t\n\t\t\t\n\t\t\t\n\t\t<\/div>\n\n\t\n<\/article>\t\t\t\t\t\n<article class=\"l-post grid-post grid-base-post\">\n\n\t\n\t\t\t<div class=\"media\">\n\n\t\t\n\t\t\t<a href=\"https:\/\/partedepesca.com.ar\/d\/alvarez-castellano-advirtio-al-somu-que-no-habra-acuerdos-especiales\/\" class=\"image-link media-ratio ratio-16-9\" title=\"\u00c1lvarez Castellano advirti\u00f3 al SOMU que \u201cno habr\u00e1 acuerdos especiales\u201d\"><img loading=\"lazy\" decoding=\"async\" width=\"377\" height=\"212\" src=\"https:\/\/partedepesca.com.ar\/d\/wp-content\/uploads\/2026\/04\/PARTE-DE-PESCA-Fernando-Alvarez-Armando-Garcia-BARCELONA-450x266.jpg\" class=\"attachment-bunyad-medium size-bunyad-medium wp-post-image\" alt=\"\" sizes=\"(max-width: 377px) 100vw, 377px\" title=\"\u00c1lvarez Castellano advirti\u00f3 al SOMU que \u201cno habr\u00e1 acuerdos especiales\u201d\" srcset=\"https:\/\/partedepesca.com.ar\/d\/wp-content\/uploads\/2026\/04\/PARTE-DE-PESCA-Fernando-Alvarez-Armando-Garcia-BARCELONA-450x266.jpg 450w, https:\/\/partedepesca.com.ar\/d\/wp-content\/uploads\/2026\/04\/PARTE-DE-PESCA-Fernando-Alvarez-Armando-Garcia-BARCELONA-300x177.jpg 300w, https:\/\/partedepesca.com.ar\/d\/wp-content\/uploads\/2026\/04\/PARTE-DE-PESCA-Fernando-Alvarez-Armando-Garcia-BARCELONA-1024x605.jpg 1024w, https:\/\/partedepesca.com.ar\/d\/wp-content\/uploads\/2026\/04\/PARTE-DE-PESCA-Fernando-Alvarez-Armando-Garcia-BARCELONA-768x453.jpg 768w, https:\/\/partedepesca.com.ar\/d\/wp-content\/uploads\/2026\/04\/PARTE-DE-PESCA-Fernando-Alvarez-Armando-Garcia-BARCELONA-1536x907.jpg 1536w, https:\/\/partedepesca.com.ar\/d\/wp-content\/uploads\/2026\/04\/PARTE-DE-PESCA-Fernando-Alvarez-Armando-Garcia-BARCELONA-150x89.jpg 150w, https:\/\/partedepesca.com.ar\/d\/wp-content\/uploads\/2026\/04\/PARTE-DE-PESCA-Fernando-Alvarez-Armando-Garcia-BARCELONA-1200x708.jpg 1200w, https:\/\/partedepesca.com.ar\/d\/wp-content\/uploads\/2026\/04\/PARTE-DE-PESCA-Fernando-Alvarez-Armando-Garcia-BARCELONA.jpg 2048w\" \/><\/a>\t\t\t\n\t\t\t\n\t\t\t\n\t\t\t\n\t\t\n\t\t<\/div>\n\t\n\n\t\n\t\t<div class=\"content\">\n\n\t\t\t<div class=\"post-meta post-meta-a has-below\"><h2 class=\"is-title post-title\"><a href=\"https:\/\/partedepesca.com.ar\/d\/alvarez-castellano-advirtio-al-somu-que-no-habra-acuerdos-especiales\/\">\u00c1lvarez Castellano advirti\u00f3 al SOMU que \u201cno habr\u00e1 acuerdos especiales\u201d<\/a><\/h2><div class=\"post-meta-items meta-below\"><span class=\"meta-item date\"><span class=\"date-link\"><time class=\"post-date\" datetime=\"2026-04-23T05:44:00+00:00\">23 abril, 2026<\/time><\/span><\/span><\/div><\/div>\t\t\t\n\t\t\t\n\t\t\t\n\t\t<\/div>\n\n\t\n<\/article>\t\t\t\t\t\n<article class=\"l-post grid-post grid-base-post\">\n\n\t\n\t\t\t<div class=\"media\">\n\n\t\t\n\t\t\t<a href=\"https:\/\/partedepesca.com.ar\/d\/mou-afirma-que-red-chamber-recupero-su-capacidad-productiva-y-advierte-por-suba-de-costos-y-atraso-cambiario\/\" class=\"image-link media-ratio ratio-16-9\" title=\"Mou afirma que &#8220;Red Chamber recuper\u00f3 su capacidad productiva&#8221;, advierte por suba de costos y atraso cambiario\"><img loading=\"lazy\" decoding=\"async\" width=\"377\" height=\"212\" src=\"https:\/\/partedepesca.com.ar\/d\/wp-content\/uploads\/2026\/04\/PARTE-DE-PESCA-Marcelo-Mou-Feria-de-Barcelona-2026-450x300.jpg\" class=\"attachment-bunyad-medium size-bunyad-medium wp-post-image\" alt=\"\" sizes=\"(max-width: 377px) 100vw, 377px\" title=\"Mou afirma que &#8220;Red Chamber recuper\u00f3 su capacidad productiva&#8221;, advierte por suba de costos y atraso cambiario\" srcset=\"https:\/\/partedepesca.com.ar\/d\/wp-content\/uploads\/2026\/04\/PARTE-DE-PESCA-Marcelo-Mou-Feria-de-Barcelona-2026-450x300.jpg 450w, https:\/\/partedepesca.com.ar\/d\/wp-content\/uploads\/2026\/04\/PARTE-DE-PESCA-Marcelo-Mou-Feria-de-Barcelona-2026-1024x683.jpg 1024w, https:\/\/partedepesca.com.ar\/d\/wp-content\/uploads\/2026\/04\/PARTE-DE-PESCA-Marcelo-Mou-Feria-de-Barcelona-2026-768x512.jpg 768w, https:\/\/partedepesca.com.ar\/d\/wp-content\/uploads\/2026\/04\/PARTE-DE-PESCA-Marcelo-Mou-Feria-de-Barcelona-2026-1536x1024.jpg 1536w, https:\/\/partedepesca.com.ar\/d\/wp-content\/uploads\/2026\/04\/PARTE-DE-PESCA-Marcelo-Mou-Feria-de-Barcelona-2026-2048x1365.jpg 2048w, https:\/\/partedepesca.com.ar\/d\/wp-content\/uploads\/2026\/04\/PARTE-DE-PESCA-Marcelo-Mou-Feria-de-Barcelona-2026-1200x800.jpg 1200w\" \/><\/a>\t\t\t\n\t\t\t\n\t\t\t\n\t\t\t\n\t\t\n\t\t<\/div>\n\t\n\n\t\n\t\t<div class=\"content\">\n\n\t\t\t<div class=\"post-meta post-meta-a has-below\"><h2 class=\"is-title post-title\"><a href=\"https:\/\/partedepesca.com.ar\/d\/mou-afirma-que-red-chamber-recupero-su-capacidad-productiva-y-advierte-por-suba-de-costos-y-atraso-cambiario\/\">Mou afirma que &#8220;Red Chamber recuper\u00f3 su capacidad productiva&#8221;, advierte por suba de costos y atraso cambiario<\/a><\/h2><div class=\"post-meta-items meta-below\"><span class=\"meta-item date\"><span class=\"date-link\"><time class=\"post-date\" datetime=\"2026-04-23T05:05:00+00:00\">23 abril, 2026<\/time><\/span><\/span><\/div><\/div>\t\t\t\n\t\t\t\n\t\t\t\n\t\t<\/div>\n\n\t\n<\/article>\t\t\t\t\t\n<article class=\"l-post grid-post grid-base-post\">\n\n\t\n\t\t\t<div class=\"media\">\n\n\t\t\n\t\t\t<a href=\"https:\/\/partedepesca.com.ar\/d\/santos-alerta-que-por-las-dilaciones-los-marineros-estan-perdiendo-mareas\/\" class=\"image-link media-ratio ratio-16-9\" title=\"Santos alerta que por las dilaciones \u201clos marineros est\u00e1n perdiendo mareas\u201d\"><img loading=\"lazy\" decoding=\"async\" width=\"377\" height=\"212\" src=\"https:\/\/partedepesca.com.ar\/d\/wp-content\/uploads\/2026\/04\/PARTE-DE-PESCA-damian-santos-2-450x272.jpg\" class=\"attachment-bunyad-medium size-bunyad-medium wp-post-image\" alt=\"\" sizes=\"(max-width: 377px) 100vw, 377px\" title=\"Santos alerta que por las dilaciones \u201clos marineros est\u00e1n perdiendo mareas\u201d\" srcset=\"https:\/\/partedepesca.com.ar\/d\/wp-content\/uploads\/2026\/04\/PARTE-DE-PESCA-damian-santos-2-450x272.jpg 450w, https:\/\/partedepesca.com.ar\/d\/wp-content\/uploads\/2026\/04\/PARTE-DE-PESCA-damian-santos-2-300x181.jpg 300w, https:\/\/partedepesca.com.ar\/d\/wp-content\/uploads\/2026\/04\/PARTE-DE-PESCA-damian-santos-2-1024x619.jpg 1024w, https:\/\/partedepesca.com.ar\/d\/wp-content\/uploads\/2026\/04\/PARTE-DE-PESCA-damian-santos-2-768x464.jpg 768w, https:\/\/partedepesca.com.ar\/d\/wp-content\/uploads\/2026\/04\/PARTE-DE-PESCA-damian-santos-2-1536x928.jpg 1536w, https:\/\/partedepesca.com.ar\/d\/wp-content\/uploads\/2026\/04\/PARTE-DE-PESCA-damian-santos-2-2048x1237.jpg 2048w, https:\/\/partedepesca.com.ar\/d\/wp-content\/uploads\/2026\/04\/PARTE-DE-PESCA-damian-santos-2-150x91.jpg 150w, https:\/\/partedepesca.com.ar\/d\/wp-content\/uploads\/2026\/04\/PARTE-DE-PESCA-damian-santos-2-1200x725.jpg 1200w\" \/><\/a>\t\t\t\n\t\t\t\n\t\t\t\n\t\t\t\n\t\t\n\t\t<\/div>\n\t\n\n\t\n\t\t<div class=\"content\">\n\n\t\t\t<div class=\"post-meta post-meta-a has-below\"><h2 class=\"is-title post-title\"><a href=\"https:\/\/partedepesca.com.ar\/d\/santos-alerta-que-por-las-dilaciones-los-marineros-estan-perdiendo-mareas\/\">Santos alerta que por las dilaciones \u201clos marineros est\u00e1n perdiendo mareas\u201d<\/a><\/h2><div class=\"post-meta-items meta-below\"><span class=\"meta-item date\"><span class=\"date-link\"><time class=\"post-date\" datetime=\"2026-04-23T05:01:00+00:00\">23 abril, 2026<\/time><\/span><\/span><\/div><\/div>\t\t\t\n\t\t\t\n\t\t\t\n\t\t<\/div>\n\n\t\n<\/article>\t\t\t\t\t\n<article class=\"l-post grid-post grid-base-post\">\n\n\t\n\t\t\t<div class=\"media\">\n\n\t\t\n\t\t\t<a href=\"https:\/\/partedepesca.com.ar\/d\/argentina-estreno-el-sello-azul-de-su-langostino-en-la-feria-de-barcelona\/\" class=\"image-link media-ratio ratio-16-9\" title=\"Argentina estren\u00f3 el sello azul de su langostino en la Feria de Barcelona\"><img loading=\"lazy\" decoding=\"async\" width=\"377\" height=\"212\" src=\"https:\/\/partedepesca.com.ar\/d\/wp-content\/uploads\/2026\/04\/PARTE-DE-PESCA-inauguracion-Feria-Barcelona-pabellon-ARG-450x279.jpg\" class=\"attachment-bunyad-medium size-bunyad-medium wp-post-image\" alt=\"\" sizes=\"(max-width: 377px) 100vw, 377px\" title=\"Argentina estren\u00f3 el sello azul de su langostino en la Feria de Barcelona\" srcset=\"https:\/\/partedepesca.com.ar\/d\/wp-content\/uploads\/2026\/04\/PARTE-DE-PESCA-inauguracion-Feria-Barcelona-pabellon-ARG-450x279.jpg 450w, https:\/\/partedepesca.com.ar\/d\/wp-content\/uploads\/2026\/04\/PARTE-DE-PESCA-inauguracion-Feria-Barcelona-pabellon-ARG-300x186.jpg 300w, https:\/\/partedepesca.com.ar\/d\/wp-content\/uploads\/2026\/04\/PARTE-DE-PESCA-inauguracion-Feria-Barcelona-pabellon-ARG-1024x635.jpg 1024w, https:\/\/partedepesca.com.ar\/d\/wp-content\/uploads\/2026\/04\/PARTE-DE-PESCA-inauguracion-Feria-Barcelona-pabellon-ARG-768x476.jpg 768w, https:\/\/partedepesca.com.ar\/d\/wp-content\/uploads\/2026\/04\/PARTE-DE-PESCA-inauguracion-Feria-Barcelona-pabellon-ARG-1536x952.jpg 1536w, https:\/\/partedepesca.com.ar\/d\/wp-content\/uploads\/2026\/04\/PARTE-DE-PESCA-inauguracion-Feria-Barcelona-pabellon-ARG-2048x1269.jpg 2048w, https:\/\/partedepesca.com.ar\/d\/wp-content\/uploads\/2026\/04\/PARTE-DE-PESCA-inauguracion-Feria-Barcelona-pabellon-ARG-150x93.jpg 150w, https:\/\/partedepesca.com.ar\/d\/wp-content\/uploads\/2026\/04\/PARTE-DE-PESCA-inauguracion-Feria-Barcelona-pabellon-ARG-1200x744.jpg 1200w\" \/><\/a>\t\t\t\n\t\t\t\n\t\t\t\n\t\t\t\n\t\t\n\t\t<\/div>\n\t\n\n\t\n\t\t<div class=\"content\">\n\n\t\t\t<div class=\"post-meta post-meta-a has-below\"><h2 class=\"is-title post-title\"><a href=\"https:\/\/partedepesca.com.ar\/d\/argentina-estreno-el-sello-azul-de-su-langostino-en-la-feria-de-barcelona\/\">Argentina estren\u00f3 el sello azul de su langostino en la Feria de Barcelona<\/a><\/h2><div class=\"post-meta-items meta-below\"><span class=\"meta-item date\"><span class=\"date-link\"><time class=\"post-date\" datetime=\"2026-04-22T08:24:54+00:00\">22 abril, 2026<\/time><\/span><\/span><\/div><\/div>\t\t\t\n\t\t\t\n\t\t\t\n\t\t<\/div>\n\n\t\n<\/article>\t\t\t\t\t\n<article class=\"l-post grid-post grid-base-post\">\n\n\t\n\t\t\t<div class=\"media\">\n\n\t\t\n\t\t\t<a href=\"https:\/\/partedepesca.com.ar\/d\/capeca-firmo-acuerdo-con-capitanes-para-iniciar-la-temporada\/\" class=\"image-link media-ratio ratio-16-9\" title=\"CAPeCA firm\u00f3 acuerdo con Capitanes para iniciar la temporada\"><img loading=\"lazy\" decoding=\"async\" width=\"377\" height=\"212\" src=\"https:\/\/partedepesca.com.ar\/d\/wp-content\/uploads\/2026\/04\/PARTE-DE-PESCA-Eduardo-Boiero-y-Jorge-Frias-450x294.jpg\" class=\"attachment-bunyad-medium size-bunyad-medium wp-post-image\" alt=\"\" sizes=\"(max-width: 377px) 100vw, 377px\" title=\"CAPeCA firm\u00f3 acuerdo con Capitanes para iniciar la temporada\" srcset=\"https:\/\/partedepesca.com.ar\/d\/wp-content\/uploads\/2026\/04\/PARTE-DE-PESCA-Eduardo-Boiero-y-Jorge-Frias-450x294.jpg 450w, https:\/\/partedepesca.com.ar\/d\/wp-content\/uploads\/2026\/04\/PARTE-DE-PESCA-Eduardo-Boiero-y-Jorge-Frias-1024x668.jpg 1024w, https:\/\/partedepesca.com.ar\/d\/wp-content\/uploads\/2026\/04\/PARTE-DE-PESCA-Eduardo-Boiero-y-Jorge-Frias-768x501.jpg 768w, https:\/\/partedepesca.com.ar\/d\/wp-content\/uploads\/2026\/04\/PARTE-DE-PESCA-Eduardo-Boiero-y-Jorge-Frias-1536x1002.jpg 1536w, https:\/\/partedepesca.com.ar\/d\/wp-content\/uploads\/2026\/04\/PARTE-DE-PESCA-Eduardo-Boiero-y-Jorge-Frias-2048x1337.jpg 2048w, https:\/\/partedepesca.com.ar\/d\/wp-content\/uploads\/2026\/04\/PARTE-DE-PESCA-Eduardo-Boiero-y-Jorge-Frias-1200x783.jpg 1200w\" \/><\/a>\t\t\t\n\t\t\t\n\t\t\t\n\t\t\t\n\t\t\n\t\t<\/div>\n\t\n\n\t\n\t\t<div class=\"content\">\n\n\t\t\t<div class=\"post-meta post-meta-a has-below\"><h2 class=\"is-title post-title\"><a href=\"https:\/\/partedepesca.com.ar\/d\/capeca-firmo-acuerdo-con-capitanes-para-iniciar-la-temporada\/\">CAPeCA firm\u00f3 acuerdo con Capitanes para iniciar la temporada<\/a><\/h2><div class=\"post-meta-items meta-below\"><span class=\"meta-item date\"><span class=\"date-link\"><time class=\"post-date\" datetime=\"2026-04-22T07:30:30+00:00\">22 abril, 2026<\/time><\/span><\/span><\/div><\/div>\t\t\t\n\t\t\t\n\t\t\t\n\t\t<\/div>\n\n\t\n<\/article>\t\t\t\t\t\n<article class=\"l-post grid-post grid-base-post\">\n\n\t\n\t\t\t<div class=\"media\">\n\n\t\t\n\t\t\t<a href=\"https:\/\/partedepesca.com.ar\/d\/cerro-la-zafra-de-calamar-con-capturas-que-rondan-las-180-mil-toneladas\/\" class=\"image-link media-ratio ratio-16-9\" title=\"Cerr\u00f3 la zafra de calamar con capturas que rondan las 180 mil toneladas\"><img loading=\"lazy\" decoding=\"async\" width=\"377\" height=\"212\" src=\"https:\/\/partedepesca.com.ar\/d\/wp-content\/uploads\/2026\/04\/PARTE-DE-PESCA-Juan-Redini-Presidente-CAPA-450x299.jpg\" class=\"attachment-bunyad-medium size-bunyad-medium wp-post-image\" alt=\"\" sizes=\"(max-width: 377px) 100vw, 377px\" title=\"Cerr\u00f3 la zafra de calamar con capturas que rondan las 180 mil toneladas\" srcset=\"https:\/\/partedepesca.com.ar\/d\/wp-content\/uploads\/2026\/04\/PARTE-DE-PESCA-Juan-Redini-Presidente-CAPA-450x299.jpg 450w, https:\/\/partedepesca.com.ar\/d\/wp-content\/uploads\/2026\/04\/PARTE-DE-PESCA-Juan-Redini-Presidente-CAPA-1024x680.jpg 1024w, https:\/\/partedepesca.com.ar\/d\/wp-content\/uploads\/2026\/04\/PARTE-DE-PESCA-Juan-Redini-Presidente-CAPA-768x510.jpg 768w, https:\/\/partedepesca.com.ar\/d\/wp-content\/uploads\/2026\/04\/PARTE-DE-PESCA-Juan-Redini-Presidente-CAPA-1536x1020.jpg 1536w, https:\/\/partedepesca.com.ar\/d\/wp-content\/uploads\/2026\/04\/PARTE-DE-PESCA-Juan-Redini-Presidente-CAPA-2048x1360.jpg 2048w, https:\/\/partedepesca.com.ar\/d\/wp-content\/uploads\/2026\/04\/PARTE-DE-PESCA-Juan-Redini-Presidente-CAPA-1200x797.jpg 1200w\" \/><\/a>\t\t\t\n\t\t\t\n\t\t\t\n\t\t\t\n\t\t\n\t\t<\/div>\n\t\n\n\t\n\t\t<div class=\"content\">\n\n\t\t\t<div class=\"post-meta post-meta-a has-below\"><h2 class=\"is-title post-title\"><a href=\"https:\/\/partedepesca.com.ar\/d\/cerro-la-zafra-de-calamar-con-capturas-que-rondan-las-180-mil-toneladas\/\">Cerr\u00f3 la zafra de calamar con capturas que rondan las 180 mil toneladas<\/a><\/h2><div class=\"post-meta-items meta-below\"><span class=\"meta-item date\"><span class=\"date-link\"><time class=\"post-date\" datetime=\"2026-04-22T05:22:16+00:00\">22 abril, 2026<\/time><\/span><\/span><\/div><\/div>\t\t\t\n\t\t\t\n\t\t\t\n\t\t<\/div>\n\n\t\n<\/article>\t\t\t\t\t\n<article class=\"l-post grid-post grid-base-post\">\n\n\t\n\t\t\t<div class=\"media\">\n\n\t\t\n\t\t\t<a href=\"https:\/\/partedepesca.com.ar\/d\/chubut-acompana-a-las-empresas-que-llevan-sus-productos-al-mundo\/\" class=\"image-link media-ratio ratio-16-9\" title=\"\u201cChubut acompa\u00f1a a las empresas que llevan sus productos al mundo\u201d\"><img loading=\"lazy\" decoding=\"async\" width=\"377\" height=\"212\" src=\"https:\/\/partedepesca.com.ar\/d\/wp-content\/uploads\/2026\/04\/PARTE-DE-PESCA-Diego-Brandan-SEG2026-450x304.jpg\" class=\"attachment-bunyad-medium size-bunyad-medium wp-post-image\" alt=\"\" sizes=\"(max-width: 377px) 100vw, 377px\" title=\"\u201cChubut acompa\u00f1a a las empresas que llevan sus productos al mundo\u201d\" srcset=\"https:\/\/partedepesca.com.ar\/d\/wp-content\/uploads\/2026\/04\/PARTE-DE-PESCA-Diego-Brandan-SEG2026-450x304.jpg 450w, https:\/\/partedepesca.com.ar\/d\/wp-content\/uploads\/2026\/04\/PARTE-DE-PESCA-Diego-Brandan-SEG2026-1024x691.jpg 1024w, https:\/\/partedepesca.com.ar\/d\/wp-content\/uploads\/2026\/04\/PARTE-DE-PESCA-Diego-Brandan-SEG2026-768x518.jpg 768w, https:\/\/partedepesca.com.ar\/d\/wp-content\/uploads\/2026\/04\/PARTE-DE-PESCA-Diego-Brandan-SEG2026-1536x1036.jpg 1536w, https:\/\/partedepesca.com.ar\/d\/wp-content\/uploads\/2026\/04\/PARTE-DE-PESCA-Diego-Brandan-SEG2026-2048x1382.jpg 2048w, https:\/\/partedepesca.com.ar\/d\/wp-content\/uploads\/2026\/04\/PARTE-DE-PESCA-Diego-Brandan-SEG2026-1200x810.jpg 1200w\" \/><\/a>\t\t\t\n\t\t\t\n\t\t\t\n\t\t\t\n\t\t\n\t\t<\/div>\n\t\n\n\t\n\t\t<div class=\"content\">\n\n\t\t\t<div class=\"post-meta post-meta-a has-below\"><h2 class=\"is-title post-title\"><a href=\"https:\/\/partedepesca.com.ar\/d\/chubut-acompana-a-las-empresas-que-llevan-sus-productos-al-mundo\/\">\u201cChubut acompa\u00f1a a las empresas que llevan sus productos al mundo\u201d<\/a><\/h2><div class=\"post-meta-items meta-below\"><span class=\"meta-item date\"><span class=\"date-link\"><time class=\"post-date\" datetime=\"2026-04-22T05:01:00+00:00\">22 abril, 2026<\/time><\/span><\/span><\/div><\/div>\t\t\t\n\t\t\t\n\t\t\t\n\t\t<\/div>\n\n\t\n<\/article>\t\t\t\t\t\n<article class=\"l-post grid-post grid-base-post\">\n\n\t\n\t\t\t<div class=\"media\">\n\n\t\t\n\t\t\t<a href=\"https:\/\/partedepesca.com.ar\/d\/jueza-define-si-investiga-a-empresario-pesquero-por-presunta-extorsion-al-intendente-de-madryn\/\" class=\"image-link media-ratio ratio-16-9\" title=\"Jueza define si investiga a empresario pesquero por presunta extorsi\u00f3n al Intendente de Madryn\"><img loading=\"lazy\" decoding=\"async\" width=\"377\" height=\"212\" src=\"https:\/\/partedepesca.com.ar\/d\/wp-content\/uploads\/2026\/04\/Daniel-Baez-Gaston-Domecq-450x338.jpg\" class=\"attachment-bunyad-medium size-bunyad-medium wp-post-image\" alt=\"\" sizes=\"(max-width: 377px) 100vw, 377px\" title=\"Jueza define si investiga a empresario pesquero por presunta extorsi\u00f3n al Intendente de Madryn\" srcset=\"https:\/\/partedepesca.com.ar\/d\/wp-content\/uploads\/2026\/04\/Daniel-Baez-Gaston-Domecq-450x338.jpg 450w, https:\/\/partedepesca.com.ar\/d\/wp-content\/uploads\/2026\/04\/Daniel-Baez-Gaston-Domecq-300x225.jpg 300w, https:\/\/partedepesca.com.ar\/d\/wp-content\/uploads\/2026\/04\/Daniel-Baez-Gaston-Domecq-1024x768.jpg 1024w, https:\/\/partedepesca.com.ar\/d\/wp-content\/uploads\/2026\/04\/Daniel-Baez-Gaston-Domecq-768x576.jpg 768w, https:\/\/partedepesca.com.ar\/d\/wp-content\/uploads\/2026\/04\/Daniel-Baez-Gaston-Domecq-1536x1152.jpg 1536w, https:\/\/partedepesca.com.ar\/d\/wp-content\/uploads\/2026\/04\/Daniel-Baez-Gaston-Domecq-1200x900.jpg 1200w, https:\/\/partedepesca.com.ar\/d\/wp-content\/uploads\/2026\/04\/Daniel-Baez-Gaston-Domecq.jpg 1600w\" \/><\/a>\t\t\t\n\t\t\t\n\t\t\t\n\t\t\t\n\t\t\n\t\t<\/div>\n\t\n\n\t\n\t\t<div class=\"content\">\n\n\t\t\t<div class=\"post-meta post-meta-a has-below\"><h2 class=\"is-title post-title\"><a href=\"https:\/\/partedepesca.com.ar\/d\/jueza-define-si-investiga-a-empresario-pesquero-por-presunta-extorsion-al-intendente-de-madryn\/\">Jueza define si investiga a empresario pesquero por presunta extorsi\u00f3n al Intendente de Madryn<\/a><\/h2><div class=\"post-meta-items meta-below\"><span class=\"meta-item date\"><span class=\"date-link\"><time class=\"post-date\" datetime=\"2026-04-22T04:01:16+00:00\">22 abril, 2026<\/time><\/span><\/span><\/div><\/div>\t\t\t\n\t\t\t\n\t\t\t\n\t\t<\/div>\n\n\t\n<\/article>\t\t\t\t\t\n<article class=\"l-post grid-post grid-base-post\">\n\n\t\n\t\t\t<div class=\"media\">\n\n\t\t\n\t\t\t<a href=\"https:\/\/partedepesca.com.ar\/d\/la-inflacion-en-dolares-en-2026-es-de-13-y-afecta-las-exportaciones-pesqueras\/\" class=\"image-link media-ratio ratio-16-9\" title=\"La inflaci\u00f3n en d\u00f3lares en 2026 es de 13% y afecta las exportaciones pesqueras\"><img loading=\"lazy\" decoding=\"async\" width=\"377\" height=\"212\" src=\"https:\/\/partedepesca.com.ar\/d\/wp-content\/uploads\/2025\/02\/langostino-ARG-450x300.jpg\" class=\"attachment-bunyad-medium size-bunyad-medium wp-post-image\" alt=\"\" sizes=\"(max-width: 377px) 100vw, 377px\" title=\"La inflaci\u00f3n en d\u00f3lares en 2026 es de 13% y afecta las exportaciones pesqueras\" srcset=\"https:\/\/partedepesca.com.ar\/d\/wp-content\/uploads\/2025\/02\/langostino-ARG-450x300.jpg 450w, https:\/\/partedepesca.com.ar\/d\/wp-content\/uploads\/2025\/02\/langostino-ARG-1024x683.jpg 1024w, https:\/\/partedepesca.com.ar\/d\/wp-content\/uploads\/2025\/02\/langostino-ARG-768x512.jpg 768w, https:\/\/partedepesca.com.ar\/d\/wp-content\/uploads\/2025\/02\/langostino-ARG.jpg 1200w\" \/><\/a>\t\t\t\n\t\t\t\n\t\t\t\n\t\t\t\n\t\t\n\t\t<\/div>\n\t\n\n\t\n\t\t<div class=\"content\">\n\n\t\t\t<div class=\"post-meta post-meta-a has-below\"><h2 class=\"is-title post-title\"><a href=\"https:\/\/partedepesca.com.ar\/d\/la-inflacion-en-dolares-en-2026-es-de-13-y-afecta-las-exportaciones-pesqueras\/\">La inflaci\u00f3n en d\u00f3lares en 2026 es de 13% y afecta las exportaciones pesqueras<\/a><\/h2><div class=\"post-meta-items meta-below\"><span class=\"meta-item date\"><span class=\"date-link\"><time class=\"post-date\" datetime=\"2026-04-20T22:08:26+00:00\">20 abril, 2026<\/time><\/span><\/span><\/div><\/div>\t\t\t\n\t\t\t\n\t\t\t\n\t\t<\/div>\n\n\t\n<\/article>\t\t\t\t\t\n<article class=\"l-post grid-post grid-base-post\">\n\n\t\n\t\t\t<div class=\"media\">\n\n\t\t\n\t\t\t<a href=\"https:\/\/partedepesca.com.ar\/d\/indemnizan-con-66-mil-dolares-a-marinero-por-lesion-grave-en-la-mano-es-suficiente\/\" class=\"image-link media-ratio ratio-16-9\" title=\"Indemnizan con 66 mil d\u00f3lares a marinero por lesi\u00f3n grave en la mano \u00bfEs suficiente?\"><img loading=\"lazy\" decoding=\"async\" width=\"377\" height=\"212\" src=\"https:\/\/partedepesca.com.ar\/d\/wp-content\/uploads\/2024\/05\/flota-amarilla-pt-rw--450x274.jpg\" class=\"attachment-bunyad-medium size-bunyad-medium wp-post-image\" alt=\"\" sizes=\"(max-width: 377px) 100vw, 377px\" title=\"Indemnizan con 66 mil d\u00f3lares a marinero por lesi\u00f3n grave en la mano \u00bfEs suficiente?\" srcset=\"https:\/\/partedepesca.com.ar\/d\/wp-content\/uploads\/2024\/05\/flota-amarilla-pt-rw--450x274.jpg 450w, https:\/\/partedepesca.com.ar\/d\/wp-content\/uploads\/2024\/05\/flota-amarilla-pt-rw--300x183.jpg 300w, https:\/\/partedepesca.com.ar\/d\/wp-content\/uploads\/2024\/05\/flota-amarilla-pt-rw--1024x624.jpg 1024w, https:\/\/partedepesca.com.ar\/d\/wp-content\/uploads\/2024\/05\/flota-amarilla-pt-rw--768x468.jpg 768w, https:\/\/partedepesca.com.ar\/d\/wp-content\/uploads\/2024\/05\/flota-amarilla-pt-rw--150x91.jpg 150w, https:\/\/partedepesca.com.ar\/d\/wp-content\/uploads\/2024\/05\/flota-amarilla-pt-rw--1200x731.jpg 1200w, https:\/\/partedepesca.com.ar\/d\/wp-content\/uploads\/2024\/05\/flota-amarilla-pt-rw-.jpg 1345w\" \/><\/a>\t\t\t\n\t\t\t\n\t\t\t\n\t\t\t\n\t\t\n\t\t<\/div>\n\t\n\n\t\n\t\t<div class=\"content\">\n\n\t\t\t<div class=\"post-meta post-meta-a has-below\"><h2 class=\"is-title post-title\"><a href=\"https:\/\/partedepesca.com.ar\/d\/indemnizan-con-66-mil-dolares-a-marinero-por-lesion-grave-en-la-mano-es-suficiente\/\">Indemnizan con 66 mil d\u00f3lares a marinero por lesi\u00f3n grave en la mano \u00bfEs suficiente?<\/a><\/h2><div class=\"post-meta-items meta-below\"><span class=\"meta-item date\"><span class=\"date-link\"><time class=\"post-date\" datetime=\"2026-04-20T22:01:00+00:00\">20 abril, 2026<\/time><\/span><\/span><\/div><\/div>\t\t\t\n\t\t\t\n\t\t\t\n\t\t<\/div>\n\n\t\n<\/article>\t\t\t\t\t\n<article class=\"l-post grid-post grid-base-post\">\n\n\t\n\t\t\t<div class=\"media\">\n\n\t\t\n\t\t\t<a href=\"https:\/\/partedepesca.com.ar\/d\/detectan-barco-portugues-haciendo-pesca-ilegal-frente-a-cabo-dos-bahias\/\" class=\"image-link media-ratio ratio-16-9\" title=\"Detectan barco portugu\u00e9s haciendo pesca ilegal frente a Cabo Dos Bah\u00edas\"><img loading=\"lazy\" decoding=\"async\" width=\"377\" height=\"212\" src=\"https:\/\/partedepesca.com.ar\/d\/wp-content\/uploads\/2026\/04\/buque-COIMBRA-en-el-puerto-de-uruguay-450x253.jpeg\" class=\"attachment-bunyad-medium size-bunyad-medium wp-post-image\" alt=\"\" sizes=\"(max-width: 377px) 100vw, 377px\" title=\"Detectan barco portugu\u00e9s haciendo pesca ilegal frente a Cabo Dos Bah\u00edas\" srcset=\"https:\/\/partedepesca.com.ar\/d\/wp-content\/uploads\/2026\/04\/buque-COIMBRA-en-el-puerto-de-uruguay-450x253.jpeg 450w, https:\/\/partedepesca.com.ar\/d\/wp-content\/uploads\/2026\/04\/buque-COIMBRA-en-el-puerto-de-uruguay-300x169.jpeg 300w, https:\/\/partedepesca.com.ar\/d\/wp-content\/uploads\/2026\/04\/buque-COIMBRA-en-el-puerto-de-uruguay-1024x576.jpeg 1024w, https:\/\/partedepesca.com.ar\/d\/wp-content\/uploads\/2026\/04\/buque-COIMBRA-en-el-puerto-de-uruguay-768x432.jpeg 768w, https:\/\/partedepesca.com.ar\/d\/wp-content\/uploads\/2026\/04\/buque-COIMBRA-en-el-puerto-de-uruguay-1536x864.jpeg 1536w, https:\/\/partedepesca.com.ar\/d\/wp-content\/uploads\/2026\/04\/buque-COIMBRA-en-el-puerto-de-uruguay-150x84.jpeg 150w, https:\/\/partedepesca.com.ar\/d\/wp-content\/uploads\/2026\/04\/buque-COIMBRA-en-el-puerto-de-uruguay-1200x675.jpeg 1200w, https:\/\/partedepesca.com.ar\/d\/wp-content\/uploads\/2026\/04\/buque-COIMBRA-en-el-puerto-de-uruguay.jpeg 1600w\" \/><\/a>\t\t\t\n\t\t\t\n\t\t\t\n\t\t\t\n\t\t\n\t\t<\/div>\n\t\n\n\t\n\t\t<div class=\"content\">\n\n\t\t\t<div class=\"post-meta post-meta-a has-below\"><h2 class=\"is-title post-title\"><a href=\"https:\/\/partedepesca.com.ar\/d\/detectan-barco-portugues-haciendo-pesca-ilegal-frente-a-cabo-dos-bahias\/\">Detectan barco portugu\u00e9s haciendo pesca ilegal frente a Cabo Dos Bah\u00edas<\/a><\/h2><div class=\"post-meta-items meta-below\"><span class=\"meta-item date\"><span class=\"date-link\"><time class=\"post-date\" datetime=\"2026-04-20T00:36:07+00:00\">20 abril, 2026<\/time><\/span><\/span><\/div><\/div>\t\t\t\n\t\t\t\n\t\t\t\n\t\t<\/div>\n\n\t\n<\/article>\t\t\t\t\t\n<article class=\"l-post grid-post grid-base-post\">\n\n\t\n\t\t\t<div class=\"media\">\n\n\t\t\n\t\t\t<a href=\"https:\/\/partedepesca.com.ar\/d\/la-pesca-argentina-se-muestra-al-mundo-en-la-feria-de-barcelona\/\" class=\"image-link media-ratio ratio-16-9\" title=\"La pesca argentina se muestra al mundo en la Feria de Barcelona 2026\"><img loading=\"lazy\" decoding=\"async\" width=\"377\" height=\"212\" src=\"https:\/\/partedepesca.com.ar\/d\/wp-content\/uploads\/2026\/04\/SEG-BARCELONA-ESPANA-450x273.jpg\" class=\"attachment-bunyad-medium size-bunyad-medium wp-post-image\" alt=\"\" sizes=\"(max-width: 377px) 100vw, 377px\" title=\"La pesca argentina se muestra al mundo en la Feria de Barcelona 2026\" srcset=\"https:\/\/partedepesca.com.ar\/d\/wp-content\/uploads\/2026\/04\/SEG-BARCELONA-ESPANA-450x273.jpg 450w, https:\/\/partedepesca.com.ar\/d\/wp-content\/uploads\/2026\/04\/SEG-BARCELONA-ESPANA-300x182.jpg 300w, https:\/\/partedepesca.com.ar\/d\/wp-content\/uploads\/2026\/04\/SEG-BARCELONA-ESPANA-1024x621.jpg 1024w, https:\/\/partedepesca.com.ar\/d\/wp-content\/uploads\/2026\/04\/SEG-BARCELONA-ESPANA-768x466.jpg 768w, https:\/\/partedepesca.com.ar\/d\/wp-content\/uploads\/2026\/04\/SEG-BARCELONA-ESPANA-1536x932.jpg 1536w, https:\/\/partedepesca.com.ar\/d\/wp-content\/uploads\/2026\/04\/SEG-BARCELONA-ESPANA-150x91.jpg 150w, https:\/\/partedepesca.com.ar\/d\/wp-content\/uploads\/2026\/04\/SEG-BARCELONA-ESPANA-1200x728.jpg 1200w, https:\/\/partedepesca.com.ar\/d\/wp-content\/uploads\/2026\/04\/SEG-BARCELONA-ESPANA.jpg 1920w\" \/><\/a>\t\t\t\n\t\t\t\n\t\t\t\n\t\t\t\n\t\t\n\t\t<\/div>\n\t\n\n\t\n\t\t<div class=\"content\">\n\n\t\t\t<div class=\"post-meta post-meta-a has-below\"><h2 class=\"is-title post-title\"><a href=\"https:\/\/partedepesca.com.ar\/d\/la-pesca-argentina-se-muestra-al-mundo-en-la-feria-de-barcelona\/\">La pesca argentina se muestra al mundo en la Feria de Barcelona 2026<\/a><\/h2><div class=\"post-meta-items meta-below\"><span class=\"meta-item date\"><span class=\"date-link\"><time class=\"post-date\" datetime=\"2026-04-17T19:23:17+00:00\">17 abril, 2026<\/time><\/span><\/span><\/div><\/div>\t\t\t\n\t\t\t\n\t\t\t\n\t\t<\/div>\n\n\t\n<\/article>\t\t\t\t\t\n<article class=\"l-post grid-post grid-base-post\">\n\n\t\n\t\t\t<div class=\"media\">\n\n\t\t\n\t\t\t<a href=\"https:\/\/partedepesca.com.ar\/d\/impulsan-incentivos-para-que-la-flota-pesquera-recale-en-puertos-santacrucenos\/\" class=\"image-link media-ratio ratio-16-9\" title=\"Impulsan incentivos para que la flota pesquera recale en puertos santacruce\u00f1os\"><img loading=\"lazy\" decoding=\"async\" width=\"377\" height=\"212\" src=\"https:\/\/partedepesca.com.ar\/d\/wp-content\/uploads\/2025\/04\/puerto-deseado-barcos-pesqueros-muelle-450x303.jpeg\" class=\"attachment-bunyad-medium size-bunyad-medium wp-post-image\" alt=\"\" sizes=\"(max-width: 377px) 100vw, 377px\" title=\"Impulsan incentivos para que la flota pesquera recale en puertos santacruce\u00f1os\" srcset=\"https:\/\/partedepesca.com.ar\/d\/wp-content\/uploads\/2025\/04\/puerto-deseado-barcos-pesqueros-muelle-450x303.jpeg 450w, https:\/\/partedepesca.com.ar\/d\/wp-content\/uploads\/2025\/04\/puerto-deseado-barcos-pesqueros-muelle-1024x689.jpeg 1024w, https:\/\/partedepesca.com.ar\/d\/wp-content\/uploads\/2025\/04\/puerto-deseado-barcos-pesqueros-muelle-768x517.jpeg 768w, https:\/\/partedepesca.com.ar\/d\/wp-content\/uploads\/2025\/04\/puerto-deseado-barcos-pesqueros-muelle-1536x1034.jpeg 1536w, https:\/\/partedepesca.com.ar\/d\/wp-content\/uploads\/2025\/04\/puerto-deseado-barcos-pesqueros-muelle-2048x1379.jpeg 2048w, https:\/\/partedepesca.com.ar\/d\/wp-content\/uploads\/2025\/04\/puerto-deseado-barcos-pesqueros-muelle-1200x808.jpeg 1200w\" \/><\/a>\t\t\t\n\t\t\t\n\t\t\t\n\t\t\t\n\t\t\n\t\t<\/div>\n\t\n\n\t\n\t\t<div class=\"content\">\n\n\t\t\t<div class=\"post-meta post-meta-a has-below\"><h2 class=\"is-title post-title\"><a href=\"https:\/\/partedepesca.com.ar\/d\/impulsan-incentivos-para-que-la-flota-pesquera-recale-en-puertos-santacrucenos\/\">Impulsan incentivos para que la flota pesquera recale en puertos santacruce\u00f1os<\/a><\/h2><div class=\"post-meta-items meta-below\"><span class=\"meta-item date\"><span class=\"date-link\"><time class=\"post-date\" datetime=\"2026-04-17T18:25:15+00:00\">17 abril, 2026<\/time><\/span><\/span><\/div><\/div>\t\t\t\n\t\t\t\n\t\t\t\n\t\t<\/div>\n\n\t\n<\/article>\t\t\t\t\t\n<article class=\"l-post grid-post grid-base-post\">\n\n\t\n\t\t\t<div class=\"media\">\n\n\t\t\n\t\t\t<a href=\"https:\/\/partedepesca.com.ar\/d\/en-el-segundo-semestre-comenzara-a-operar-el-astillero-de-comodoro\/\" class=\"image-link media-ratio ratio-16-9\" title=\"En el segundo semestre comenzar\u00e1 a operar el astillero de Comodoro\"><img loading=\"lazy\" decoding=\"async\" width=\"377\" height=\"212\" src=\"https:\/\/partedepesca.com.ar\/d\/wp-content\/uploads\/2026\/04\/astillero-comodoro-ignacio-torres-abril-2026-1-450x279.jpg\" class=\"attachment-bunyad-medium size-bunyad-medium wp-post-image\" alt=\"\" sizes=\"(max-width: 377px) 100vw, 377px\" title=\"En el segundo semestre comenzar\u00e1 a operar el astillero de Comodoro\" srcset=\"https:\/\/partedepesca.com.ar\/d\/wp-content\/uploads\/2026\/04\/astillero-comodoro-ignacio-torres-abril-2026-1-450x279.jpg 450w, https:\/\/partedepesca.com.ar\/d\/wp-content\/uploads\/2026\/04\/astillero-comodoro-ignacio-torres-abril-2026-1-300x186.jpg 300w, https:\/\/partedepesca.com.ar\/d\/wp-content\/uploads\/2026\/04\/astillero-comodoro-ignacio-torres-abril-2026-1-1024x635.jpg 1024w, https:\/\/partedepesca.com.ar\/d\/wp-content\/uploads\/2026\/04\/astillero-comodoro-ignacio-torres-abril-2026-1-768x476.jpg 768w, https:\/\/partedepesca.com.ar\/d\/wp-content\/uploads\/2026\/04\/astillero-comodoro-ignacio-torres-abril-2026-1-1536x953.jpg 1536w, https:\/\/partedepesca.com.ar\/d\/wp-content\/uploads\/2026\/04\/astillero-comodoro-ignacio-torres-abril-2026-1-2048x1270.jpg 2048w, https:\/\/partedepesca.com.ar\/d\/wp-content\/uploads\/2026\/04\/astillero-comodoro-ignacio-torres-abril-2026-1-150x93.jpg 150w, https:\/\/partedepesca.com.ar\/d\/wp-content\/uploads\/2026\/04\/astillero-comodoro-ignacio-torres-abril-2026-1-1200x744.jpg 1200w\" \/><\/a>\t\t\t\n\t\t\t\n\t\t\t\n\t\t\t\n\t\t\n\t\t<\/div>\n\t\n\n\t\n\t\t<div class=\"content\">\n\n\t\t\t<div class=\"post-meta post-meta-a has-below\"><h2 class=\"is-title post-title\"><a href=\"https:\/\/partedepesca.com.ar\/d\/en-el-segundo-semestre-comenzara-a-operar-el-astillero-de-comodoro\/\">En el segundo semestre comenzar\u00e1 a operar el astillero de Comodoro<\/a><\/h2><div class=\"post-meta-items meta-below\"><span class=\"meta-item date\"><span class=\"date-link\"><time class=\"post-date\" datetime=\"2026-04-16T20:23:10+00:00\">16 abril, 2026<\/time><\/span><\/span><\/div><\/div>\t\t\t\n\t\t\t\n\t\t\t\n\t\t<\/div>\n\n\t\n<\/article>\t\t\t\t\t\n<article class=\"l-post grid-post grid-base-post\">\n\n\t\n\t\t\t<div class=\"media\">\n\n\t\t\n\t\t\t<a href=\"https:\/\/partedepesca.com.ar\/d\/el-somu-tendria-que-ir-corriendo-a-firmar-asi-no-perjudica-mas-a-sus-marineros\/\" class=\"image-link media-ratio ratio-16-9\" title=\"\u201cEl SOMU tendr\u00eda que ir corriendo a firmar as\u00ed no perjudica m\u00e1s a sus marineros\u201d\"><img loading=\"lazy\" decoding=\"async\" width=\"377\" height=\"212\" src=\"https:\/\/partedepesca.com.ar\/d\/wp-content\/uploads\/2026\/04\/PARTE-DE-PESCA-FAC-CONARPESA-450x300.jpg\" class=\"attachment-bunyad-medium size-bunyad-medium wp-post-image\" alt=\"\" sizes=\"(max-width: 377px) 100vw, 377px\" title=\"\u201cEl SOMU tendr\u00eda que ir corriendo a firmar as\u00ed no perjudica m\u00e1s a sus marineros\u201d\" srcset=\"https:\/\/partedepesca.com.ar\/d\/wp-content\/uploads\/2026\/04\/PARTE-DE-PESCA-FAC-CONARPESA-450x300.jpg 450w, https:\/\/partedepesca.com.ar\/d\/wp-content\/uploads\/2026\/04\/PARTE-DE-PESCA-FAC-CONARPESA-1024x683.jpg 1024w, https:\/\/partedepesca.com.ar\/d\/wp-content\/uploads\/2026\/04\/PARTE-DE-PESCA-FAC-CONARPESA-768x512.jpg 768w, https:\/\/partedepesca.com.ar\/d\/wp-content\/uploads\/2026\/04\/PARTE-DE-PESCA-FAC-CONARPESA-1536x1024.jpg 1536w, https:\/\/partedepesca.com.ar\/d\/wp-content\/uploads\/2026\/04\/PARTE-DE-PESCA-FAC-CONARPESA-1200x800.jpg 1200w, https:\/\/partedepesca.com.ar\/d\/wp-content\/uploads\/2026\/04\/PARTE-DE-PESCA-FAC-CONARPESA.jpg 1771w\" \/><\/a>\t\t\t\n\t\t\t\n\t\t\t\n\t\t\t\n\t\t\n\t\t<\/div>\n\t\n\n\t\n\t\t<div class=\"content\">\n\n\t\t\t<div class=\"post-meta post-meta-a has-below\"><h2 class=\"is-title post-title\"><a href=\"https:\/\/partedepesca.com.ar\/d\/el-somu-tendria-que-ir-corriendo-a-firmar-asi-no-perjudica-mas-a-sus-marineros\/\">\u201cEl SOMU tendr\u00eda que ir corriendo a firmar as\u00ed no perjudica m\u00e1s a sus marineros\u201d<\/a><\/h2><div class=\"post-meta-items meta-below\"><span class=\"meta-item date\"><span class=\"date-link\"><time class=\"post-date\" datetime=\"2026-04-16T20:12:06+00:00\">16 abril, 2026<\/time><\/span><\/span><\/div><\/div>\t\t\t\n\t\t\t\n\t\t\t\n\t\t<\/div>\n\n\t\n<\/article>\t\t\t\t\t\n<article class=\"l-post grid-post grid-base-post\">\n\n\t\n\t\t\t<div class=\"media\">\n\n\t\t\n\t\t\t<a href=\"https:\/\/partedepesca.com.ar\/d\/capitanes-y-capip-firmaron-acuerdo-para-la-flota-langostinera-hasta-2030\/\" class=\"image-link media-ratio ratio-16-9\" title=\"Capitanes y CAPIP firmaron acuerdo para la flota langostinera hasta 2030\"><img loading=\"lazy\" decoding=\"async\" width=\"377\" height=\"212\" src=\"https:\/\/partedepesca.com.ar\/d\/wp-content\/uploads\/2026\/04\/CAPIP-Y-CAPITANES-FIRMA-ACUERDO-16042026-450x300.jpg\" class=\"attachment-bunyad-medium size-bunyad-medium wp-post-image\" alt=\"\" sizes=\"(max-width: 377px) 100vw, 377px\" title=\"Capitanes y CAPIP firmaron acuerdo para la flota langostinera hasta 2030\" srcset=\"https:\/\/partedepesca.com.ar\/d\/wp-content\/uploads\/2026\/04\/CAPIP-Y-CAPITANES-FIRMA-ACUERDO-16042026-450x300.jpg 450w, https:\/\/partedepesca.com.ar\/d\/wp-content\/uploads\/2026\/04\/CAPIP-Y-CAPITANES-FIRMA-ACUERDO-16042026-1024x683.jpg 1024w, https:\/\/partedepesca.com.ar\/d\/wp-content\/uploads\/2026\/04\/CAPIP-Y-CAPITANES-FIRMA-ACUERDO-16042026-768x512.jpg 768w, https:\/\/partedepesca.com.ar\/d\/wp-content\/uploads\/2026\/04\/CAPIP-Y-CAPITANES-FIRMA-ACUERDO-16042026-1200x800.jpg 1200w, https:\/\/partedepesca.com.ar\/d\/wp-content\/uploads\/2026\/04\/CAPIP-Y-CAPITANES-FIRMA-ACUERDO-16042026.jpg 1536w\" \/><\/a>\t\t\t\n\t\t\t\n\t\t\t\n\t\t\t\n\t\t\n\t\t<\/div>\n\t\n\n\t\n\t\t<div class=\"content\">\n\n\t\t\t<div class=\"post-meta post-meta-a has-below\"><h2 class=\"is-title post-title\"><a href=\"https:\/\/partedepesca.com.ar\/d\/capitanes-y-capip-firmaron-acuerdo-para-la-flota-langostinera-hasta-2030\/\">Capitanes y CAPIP firmaron acuerdo para la flota langostinera hasta 2030<\/a><\/h2><div class=\"post-meta-items meta-below\"><span class=\"meta-item date\"><span class=\"date-link\"><time class=\"post-date\" datetime=\"2026-04-16T17:25:14+00:00\">16 abril, 2026<\/time><\/span><\/span><\/div><\/div>\t\t\t\n\t\t\t\n\t\t\t\n\t\t<\/div>\n\n\t\n<\/article>\t\t\t\t\t\n<article class=\"l-post grid-post grid-base-post\">\n\n\t\n\t\t\t<div class=\"media\">\n\n\t\t\n\t\t\t<a href=\"https:\/\/partedepesca.com.ar\/d\/con-recomendacion-favorable-del-inidep-se-abrio-la-pesca-de-langostino\/\" class=\"image-link media-ratio ratio-16-9\" title=\"Con recomendaci\u00f3n favorable del INIDEP se abri\u00f3 la pesca de langostino\"><img loading=\"lazy\" decoding=\"async\" width=\"377\" height=\"212\" src=\"https:\/\/partedepesca.com.ar\/d\/wp-content\/uploads\/2026\/04\/buque-pesquero-congelador-tangonero-450x337.jpg\" class=\"attachment-bunyad-medium size-bunyad-medium wp-post-image\" alt=\"\" sizes=\"(max-width: 377px) 100vw, 377px\" title=\"Con recomendaci\u00f3n favorable del INIDEP se abri\u00f3 la pesca de langostino\" srcset=\"https:\/\/partedepesca.com.ar\/d\/wp-content\/uploads\/2026\/04\/buque-pesquero-congelador-tangonero-450x337.jpg 450w, https:\/\/partedepesca.com.ar\/d\/wp-content\/uploads\/2026\/04\/buque-pesquero-congelador-tangonero-300x225.jpg 300w, https:\/\/partedepesca.com.ar\/d\/wp-content\/uploads\/2026\/04\/buque-pesquero-congelador-tangonero-1024x768.jpg 1024w, https:\/\/partedepesca.com.ar\/d\/wp-content\/uploads\/2026\/04\/buque-pesquero-congelador-tangonero-768x576.jpg 768w, https:\/\/partedepesca.com.ar\/d\/wp-content\/uploads\/2026\/04\/buque-pesquero-congelador-tangonero-1536x1152.jpg 1536w, https:\/\/partedepesca.com.ar\/d\/wp-content\/uploads\/2026\/04\/buque-pesquero-congelador-tangonero-1200x900.jpg 1200w, https:\/\/partedepesca.com.ar\/d\/wp-content\/uploads\/2026\/04\/buque-pesquero-congelador-tangonero.jpg 1551w\" \/><\/a>\t\t\t\n\t\t\t\n\t\t\t\n\t\t\t\n\t\t\n\t\t<\/div>\n\t\n\n\t\n\t\t<div class=\"content\">\n\n\t\t\t<div class=\"post-meta post-meta-a has-below\"><h2 class=\"is-title post-title\"><a href=\"https:\/\/partedepesca.com.ar\/d\/con-recomendacion-favorable-del-inidep-se-abrio-la-pesca-de-langostino\/\">Con recomendaci\u00f3n favorable del INIDEP se abri\u00f3 la pesca de langostino<\/a><\/h2><div class=\"post-meta-items meta-below\"><span class=\"meta-item date\"><span class=\"date-link\"><time class=\"post-date\" datetime=\"2026-04-16T01:26:49+00:00\">16 abril, 2026<\/time><\/span><\/span><\/div><\/div>\t\t\t\n\t\t\t\n\t\t\t\n\t\t<\/div>\n\n\t\n<\/article>\t\t\t\t\t\n<article class=\"l-post grid-post grid-base-post\">\n\n\t\n\t\t\t<div class=\"media\">\n\n\t\t\n\t\t\t<a href=\"https:\/\/partedepesca.com.ar\/d\/crece-el-malestar-contra-el-somu-por-la-falta-de-acuerdo-salarial\/\" class=\"image-link media-ratio ratio-16-9\" title=\"Crece el malestar contra el SOMU por la falta de acuerdo salarial\"><img loading=\"lazy\" decoding=\"async\" width=\"377\" height=\"212\" src=\"https:\/\/partedepesca.com.ar\/d\/wp-content\/uploads\/2026\/04\/unimar-noviembre-2-450x309.jpg\" class=\"attachment-bunyad-medium size-bunyad-medium wp-post-image\" alt=\"\" sizes=\"(max-width: 377px) 100vw, 377px\" title=\"Crece el malestar contra el SOMU por la falta de acuerdo salarial\" srcset=\"https:\/\/partedepesca.com.ar\/d\/wp-content\/uploads\/2026\/04\/unimar-noviembre-2-450x309.jpg 450w, https:\/\/partedepesca.com.ar\/d\/wp-content\/uploads\/2026\/04\/unimar-noviembre-2-1024x702.jpg 1024w, https:\/\/partedepesca.com.ar\/d\/wp-content\/uploads\/2026\/04\/unimar-noviembre-2-768x527.jpg 768w, https:\/\/partedepesca.com.ar\/d\/wp-content\/uploads\/2026\/04\/unimar-noviembre-2-1536x1053.jpg 1536w, https:\/\/partedepesca.com.ar\/d\/wp-content\/uploads\/2026\/04\/unimar-noviembre-2-2048x1404.jpg 2048w, https:\/\/partedepesca.com.ar\/d\/wp-content\/uploads\/2026\/04\/unimar-noviembre-2-1200x823.jpg 1200w\" \/><\/a>\t\t\t\n\t\t\t\n\t\t\t\n\t\t\t\n\t\t\n\t\t<\/div>\n\t\n\n\t\n\t\t<div class=\"content\">\n\n\t\t\t<div class=\"post-meta post-meta-a has-below\"><h2 class=\"is-title post-title\"><a href=\"https:\/\/partedepesca.com.ar\/d\/crece-el-malestar-contra-el-somu-por-la-falta-de-acuerdo-salarial\/\">Crece el malestar contra el SOMU por la falta de acuerdo salarial<\/a><\/h2><div class=\"post-meta-items meta-below\"><span class=\"meta-item date\"><span class=\"date-link\"><time class=\"post-date\" datetime=\"2026-04-15T23:27:58+00:00\">15 abril, 2026<\/time><\/span><\/span><\/div><\/div>\t\t\t\n\t\t\t\n\t\t\t\n\t\t<\/div>\n\n\t\n<\/article>\t\t\t\t\t\n<article class=\"l-post grid-post grid-base-post\">\n\n\t\n\t\t\t<div class=\"media\">\n\n\t\t\n\t\t\t<a href=\"https:\/\/partedepesca.com.ar\/d\/la-quita-de-retenciones-llegara-para-el-final-del-segundo-mandato-de-milei\/\" class=\"image-link media-ratio ratio-16-9\" title=\"\u201cLa quita de retenciones llegar\u00e1 para el final del segundo mandato de Milei\u201d\"><img loading=\"lazy\" decoding=\"async\" width=\"377\" height=\"212\" src=\"https:\/\/partedepesca.com.ar\/d\/wp-content\/uploads\/2026\/04\/Sergio-Iraeta-AMCHAM-SUMMIT-2026-450x301.jpg\" class=\"attachment-bunyad-medium size-bunyad-medium wp-post-image\" alt=\"\" sizes=\"(max-width: 377px) 100vw, 377px\" title=\"\u201cLa quita de retenciones llegar\u00e1 para el final del segundo mandato de Milei\u201d\" srcset=\"https:\/\/partedepesca.com.ar\/d\/wp-content\/uploads\/2026\/04\/Sergio-Iraeta-AMCHAM-SUMMIT-2026-450x301.jpg 450w, https:\/\/partedepesca.com.ar\/d\/wp-content\/uploads\/2026\/04\/Sergio-Iraeta-AMCHAM-SUMMIT-2026-1024x685.jpg 1024w, https:\/\/partedepesca.com.ar\/d\/wp-content\/uploads\/2026\/04\/Sergio-Iraeta-AMCHAM-SUMMIT-2026-768x514.jpg 768w, https:\/\/partedepesca.com.ar\/d\/wp-content\/uploads\/2026\/04\/Sergio-Iraeta-AMCHAM-SUMMIT-2026-1536x1028.jpg 1536w, https:\/\/partedepesca.com.ar\/d\/wp-content\/uploads\/2026\/04\/Sergio-Iraeta-AMCHAM-SUMMIT-2026-2048x1370.jpg 2048w, https:\/\/partedepesca.com.ar\/d\/wp-content\/uploads\/2026\/04\/Sergio-Iraeta-AMCHAM-SUMMIT-2026-1200x803.jpg 1200w\" \/><\/a>\t\t\t\n\t\t\t\n\t\t\t\n\t\t\t\n\t\t\n\t\t<\/div>\n\t\n\n\t\n\t\t<div class=\"content\">\n\n\t\t\t<div class=\"post-meta post-meta-a has-below\"><h2 class=\"is-title post-title\"><a href=\"https:\/\/partedepesca.com.ar\/d\/la-quita-de-retenciones-llegara-para-el-final-del-segundo-mandato-de-milei\/\">\u201cLa quita de retenciones llegar\u00e1 para el final del segundo mandato de Milei\u201d<\/a><\/h2><div class=\"post-meta-items meta-below\"><span class=\"meta-item date\"><span class=\"date-link\"><time class=\"post-date\" datetime=\"2026-04-15T13:50:04+00:00\">15 abril, 2026<\/time><\/span><\/span><\/div><\/div>\t\t\t\n\t\t\t\n\t\t\t\n\t\t<\/div>\n\n\t\n<\/article>\t\t\t\t\t\n<article class=\"l-post grid-post grid-base-post\">\n\n\t\n\t\t\t<div class=\"media\">\n\n\t\t\n\t\t\t<a href=\"https:\/\/partedepesca.com.ar\/d\/por-que-cafach-se-niega-a-cumplir-con-la-ficha-limpia-pesquera\/\" class=\"image-link media-ratio ratio-16-9\" title=\"\u00bfPor qu\u00e9 CAFACh se niega a cumplir con la \u00abFicha Limpia Pesquera\u00bb?\"><img loading=\"lazy\" decoding=\"async\" width=\"377\" height=\"212\" src=\"https:\/\/partedepesca.com.ar\/d\/wp-content\/uploads\/2026\/02\/BP-Siempre-Maria-Elena-foto-Marineros-Unidos-Rawson-450x249.jpg\" class=\"attachment-bunyad-medium size-bunyad-medium wp-post-image\" alt=\"\" sizes=\"(max-width: 377px) 100vw, 377px\" title=\"\u00bfPor qu\u00e9 CAFACh se niega a cumplir con la \u00abFicha Limpia Pesquera\u00bb?\" srcset=\"https:\/\/partedepesca.com.ar\/d\/wp-content\/uploads\/2026\/02\/BP-Siempre-Maria-Elena-foto-Marineros-Unidos-Rawson-450x249.jpg 450w, https:\/\/partedepesca.com.ar\/d\/wp-content\/uploads\/2026\/02\/BP-Siempre-Maria-Elena-foto-Marineros-Unidos-Rawson-300x166.jpg 300w, https:\/\/partedepesca.com.ar\/d\/wp-content\/uploads\/2026\/02\/BP-Siempre-Maria-Elena-foto-Marineros-Unidos-Rawson-1024x566.jpg 1024w, https:\/\/partedepesca.com.ar\/d\/wp-content\/uploads\/2026\/02\/BP-Siempre-Maria-Elena-foto-Marineros-Unidos-Rawson-768x425.jpg 768w, https:\/\/partedepesca.com.ar\/d\/wp-content\/uploads\/2026\/02\/BP-Siempre-Maria-Elena-foto-Marineros-Unidos-Rawson-1536x850.jpg 1536w, https:\/\/partedepesca.com.ar\/d\/wp-content\/uploads\/2026\/02\/BP-Siempre-Maria-Elena-foto-Marineros-Unidos-Rawson-150x83.jpg 150w, https:\/\/partedepesca.com.ar\/d\/wp-content\/uploads\/2026\/02\/BP-Siempre-Maria-Elena-foto-Marineros-Unidos-Rawson-1200x664.jpg 1200w, https:\/\/partedepesca.com.ar\/d\/wp-content\/uploads\/2026\/02\/BP-Siempre-Maria-Elena-foto-Marineros-Unidos-Rawson.jpg 1600w\" \/><\/a>\t\t\t\n\t\t\t\n\t\t\t\n\t\t\t\n\t\t\n\t\t<\/div>\n\t\n\n\t\n\t\t<div class=\"content\">\n\n\t\t\t<div class=\"post-meta post-meta-a has-below\"><h2 class=\"is-title post-title\"><a href=\"https:\/\/partedepesca.com.ar\/d\/por-que-cafach-se-niega-a-cumplir-con-la-ficha-limpia-pesquera\/\">\u00bfPor qu\u00e9 CAFACh se niega a cumplir con la \u00abFicha Limpia Pesquera\u00bb?<\/a><\/h2><div class=\"post-meta-items meta-below\"><span class=\"meta-item date\"><span class=\"date-link\"><time class=\"post-date\" datetime=\"2026-04-15T12:21:07+00:00\">15 abril, 2026<\/time><\/span><\/span><\/div><\/div>\t\t\t\n\t\t\t\n\t\t\t\n\t\t<\/div>\n\n\t\n<\/article>\t\t\t\t\t\n<article class=\"l-post grid-post grid-base-post\">\n\n\t\n\t\t\t<div class=\"media\">\n\n\t\t\n\t\t\t<a href=\"https:\/\/partedepesca.com.ar\/d\/cesmar-afianza-su-liderazgo-con-un-modelo-innovador-para-la-formacion-pesquera\/\" class=\"image-link media-ratio ratio-16-9\" title=\"CESMAr afianza su liderazgo con un modelo innovador para la formaci\u00f3n pesquera\"><img loading=\"lazy\" decoding=\"async\" width=\"377\" height=\"212\" src=\"https:\/\/partedepesca.com.ar\/d\/wp-content\/uploads\/2026\/04\/CESMAr-9-450x318.jpg\" class=\"attachment-bunyad-medium size-bunyad-medium wp-post-image\" alt=\"\" sizes=\"(max-width: 377px) 100vw, 377px\" title=\"CESMAr afianza su liderazgo con un modelo innovador para la formaci\u00f3n pesquera\" srcset=\"https:\/\/partedepesca.com.ar\/d\/wp-content\/uploads\/2026\/04\/CESMAr-9-450x318.jpg 450w, https:\/\/partedepesca.com.ar\/d\/wp-content\/uploads\/2026\/04\/CESMAr-9-300x212.jpg 300w, https:\/\/partedepesca.com.ar\/d\/wp-content\/uploads\/2026\/04\/CESMAr-9-1024x724.jpg 1024w, https:\/\/partedepesca.com.ar\/d\/wp-content\/uploads\/2026\/04\/CESMAr-9-768x543.jpg 768w, https:\/\/partedepesca.com.ar\/d\/wp-content\/uploads\/2026\/04\/CESMAr-9-1536x1087.jpg 1536w, https:\/\/partedepesca.com.ar\/d\/wp-content\/uploads\/2026\/04\/CESMAr-9-1200x849.jpg 1200w, https:\/\/partedepesca.com.ar\/d\/wp-content\/uploads\/2026\/04\/CESMAr-9.jpg 1771w\" \/><\/a>\t\t\t\n\t\t\t\n\t\t\t\n\t\t\t\n\t\t\n\t\t<\/div>\n\t\n\n\t\n\t\t<div class=\"content\">\n\n\t\t\t<div class=\"post-meta post-meta-a has-below\"><h2 class=\"is-title post-title\"><a href=\"https:\/\/partedepesca.com.ar\/d\/cesmar-afianza-su-liderazgo-con-un-modelo-innovador-para-la-formacion-pesquera\/\">CESMAr afianza su liderazgo con un modelo innovador para la formaci\u00f3n pesquera<\/a><\/h2><div class=\"post-meta-items meta-below\"><span class=\"meta-item date\"><span class=\"date-link\"><time class=\"post-date\" datetime=\"2026-04-15T12:17:10+00:00\">15 abril, 2026<\/time><\/span><\/span><\/div><\/div>\t\t\t\n\t\t\t\n\t\t\t\n\t\t<\/div>\n\n\t\n<\/article>\t\t\t\t\t\n<article class=\"l-post grid-post grid-base-post\">\n\n\t\n\t\t\t<div class=\"media\">\n\n\t\t\n\t\t\t<a href=\"https:\/\/partedepesca.com.ar\/d\/vanuatu-retiro-su-bandera-a-3-barcos-chinos-que-hacian-pesca-ilegal-en-el-mar-argentino\/\" class=\"image-link media-ratio ratio-16-9\" title=\"Vanuatu retir\u00f3 su bandera a 3 barcos chinos que hac\u00edan pesca ilegal en el Mar Argentino\"><img loading=\"lazy\" decoding=\"async\" width=\"377\" height=\"212\" src=\"https:\/\/partedepesca.com.ar\/d\/wp-content\/uploads\/2025\/11\/armada-milla-200-450x267.jpg\" class=\"attachment-bunyad-medium size-bunyad-medium wp-post-image\" alt=\"\" sizes=\"(max-width: 377px) 100vw, 377px\" title=\"Vanuatu retir\u00f3 su bandera a 3 barcos chinos que hac\u00edan pesca ilegal en el Mar Argentino\" srcset=\"https:\/\/partedepesca.com.ar\/d\/wp-content\/uploads\/2025\/11\/armada-milla-200-450x267.jpg 450w, https:\/\/partedepesca.com.ar\/d\/wp-content\/uploads\/2025\/11\/armada-milla-200-300x178.jpg 300w, https:\/\/partedepesca.com.ar\/d\/wp-content\/uploads\/2025\/11\/armada-milla-200-1024x608.jpg 1024w, https:\/\/partedepesca.com.ar\/d\/wp-content\/uploads\/2025\/11\/armada-milla-200-768x456.jpg 768w, https:\/\/partedepesca.com.ar\/d\/wp-content\/uploads\/2025\/11\/armada-milla-200-1536x912.jpg 1536w, https:\/\/partedepesca.com.ar\/d\/wp-content\/uploads\/2025\/11\/armada-milla-200-2048x1216.jpg 2048w, https:\/\/partedepesca.com.ar\/d\/wp-content\/uploads\/2025\/11\/armada-milla-200-150x89.jpg 150w, https:\/\/partedepesca.com.ar\/d\/wp-content\/uploads\/2025\/11\/armada-milla-200-1200x713.jpg 1200w\" \/><\/a>\t\t\t\n\t\t\t\n\t\t\t\n\t\t\t\n\t\t\n\t\t<\/div>\n\t\n\n\t\n\t\t<div class=\"content\">\n\n\t\t\t<div class=\"post-meta post-meta-a has-below\"><h2 class=\"is-title post-title\"><a href=\"https:\/\/partedepesca.com.ar\/d\/vanuatu-retiro-su-bandera-a-3-barcos-chinos-que-hacian-pesca-ilegal-en-el-mar-argentino\/\">Vanuatu retir\u00f3 su bandera a 3 barcos chinos que hac\u00edan pesca ilegal en el Mar Argentino<\/a><\/h2><div class=\"post-meta-items meta-below\"><span class=\"meta-item date\"><span class=\"date-link\"><time class=\"post-date\" datetime=\"2026-04-15T12:16:37+00:00\">15 abril, 2026<\/time><\/span><\/span><\/div><\/div>\t\t\t\n\t\t\t\n\t\t\t\n\t\t<\/div>\n\n\t\n<\/article>\t\t\t\t\t\n<article class=\"l-post grid-post grid-base-post\">\n\n\t\n\t\t\t<div class=\"media\">\n\n\t\t\n\t\t\t<a href=\"https:\/\/partedepesca.com.ar\/d\/urgente-marineros-se-declaran-en-libertad-de-accion-para-salir-a-pesca\/\" class=\"image-link media-ratio ratio-16-9\" title=\"URGENTE: Marineros se declaran en &#8220;libertad de acci\u00f3n&#8221; para salir a pescar\"><img loading=\"lazy\" decoding=\"async\" width=\"377\" height=\"212\" src=\"https:\/\/partedepesca.com.ar\/d\/wp-content\/uploads\/2026\/04\/SOMU-CON-RELOJ-DE-ARENA-1-2-450x301.jpg\" class=\"attachment-bunyad-medium size-bunyad-medium wp-post-image\" alt=\"\" sizes=\"(max-width: 377px) 100vw, 377px\" title=\"URGENTE: Marineros se declaran en &#8220;libertad de acci\u00f3n&#8221; para salir a pescar\" srcset=\"https:\/\/partedepesca.com.ar\/d\/wp-content\/uploads\/2026\/04\/SOMU-CON-RELOJ-DE-ARENA-1-2-450x301.jpg 450w, https:\/\/partedepesca.com.ar\/d\/wp-content\/uploads\/2026\/04\/SOMU-CON-RELOJ-DE-ARENA-1-2-1024x685.jpg 1024w, https:\/\/partedepesca.com.ar\/d\/wp-content\/uploads\/2026\/04\/SOMU-CON-RELOJ-DE-ARENA-1-2-768x514.jpg 768w, https:\/\/partedepesca.com.ar\/d\/wp-content\/uploads\/2026\/04\/SOMU-CON-RELOJ-DE-ARENA-1-2-1200x803.jpg 1200w, https:\/\/partedepesca.com.ar\/d\/wp-content\/uploads\/2026\/04\/SOMU-CON-RELOJ-DE-ARENA-1-2.jpg 1457w\" \/><\/a>\t\t\t\n\t\t\t\n\t\t\t\n\t\t\t\n\t\t\n\t\t<\/div>\n\t\n\n\t\n\t\t<div class=\"content\">\n\n\t\t\t<div class=\"post-meta post-meta-a has-below\"><h2 class=\"is-title post-title\"><a href=\"https:\/\/partedepesca.com.ar\/d\/urgente-marineros-se-declaran-en-libertad-de-accion-para-salir-a-pesca\/\">URGENTE: Marineros se declaran en &#8220;libertad de acci\u00f3n&#8221; para salir a pescar<\/a><\/h2><div class=\"post-meta-items meta-below\"><span class=\"meta-item date\"><span class=\"date-link\"><time class=\"post-date\" datetime=\"2026-04-14T04:01:57+00:00\">14 abril, 2026<\/time><\/span><\/span><\/div><\/div>\t\t\t\n\t\t\t\n\t\t\t\n\t\t<\/div>\n\n\t\n<\/article>\t\t\t\t\t\n<article class=\"l-post grid-post grid-base-post\">\n\n\t\n\t\t\t<div class=\"media\">\n\n\t\t\n\t\t\t<a href=\"https:\/\/partedepesca.com.ar\/d\/interceptan-en-caleta-olivia-un-camion-con-merluza-sin-procesar-rumbo-a-mar-del-plata\/\" class=\"image-link media-ratio ratio-16-9\" title=\"Interceptan en Caleta Olivia un cami\u00f3n con merluza sin procesar rumbo a Mar del Plata\"><img loading=\"lazy\" decoding=\"async\" width=\"377\" height=\"212\" src=\"https:\/\/partedepesca.com.ar\/d\/wp-content\/uploads\/2026\/04\/decomiso-merluza-caleta-olivia-3-450x800.jpg\" class=\"attachment-bunyad-medium size-bunyad-medium wp-post-image\" alt=\"\" sizes=\"(max-width: 377px) 100vw, 377px\" title=\"Interceptan en Caleta Olivia un cami\u00f3n con merluza sin procesar rumbo a Mar del Plata\" srcset=\"https:\/\/partedepesca.com.ar\/d\/wp-content\/uploads\/2026\/04\/decomiso-merluza-caleta-olivia-3-450x800.jpg 450w, https:\/\/partedepesca.com.ar\/d\/wp-content\/uploads\/2026\/04\/decomiso-merluza-caleta-olivia-3-169x300.jpg 169w, https:\/\/partedepesca.com.ar\/d\/wp-content\/uploads\/2026\/04\/decomiso-merluza-caleta-olivia-3-576x1024.jpg 576w, https:\/\/partedepesca.com.ar\/d\/wp-content\/uploads\/2026\/04\/decomiso-merluza-caleta-olivia-3-768x1365.jpg 768w, https:\/\/partedepesca.com.ar\/d\/wp-content\/uploads\/2026\/04\/decomiso-merluza-caleta-olivia-3-864x1536.jpg 864w, https:\/\/partedepesca.com.ar\/d\/wp-content\/uploads\/2026\/04\/decomiso-merluza-caleta-olivia-3-1152x2048.jpg 1152w, https:\/\/partedepesca.com.ar\/d\/wp-content\/uploads\/2026\/04\/decomiso-merluza-caleta-olivia-3-150x267.jpg 150w, https:\/\/partedepesca.com.ar\/d\/wp-content\/uploads\/2026\/04\/decomiso-merluza-caleta-olivia-3-1200x2133.jpg 1200w, https:\/\/partedepesca.com.ar\/d\/wp-content\/uploads\/2026\/04\/decomiso-merluza-caleta-olivia-3-scaled.jpg 1440w\" \/><\/a>\t\t\t\n\t\t\t\n\t\t\t\n\t\t\t\n\t\t\n\t\t<\/div>\n\t\n\n\t\n\t\t<div class=\"content\">\n\n\t\t\t<div class=\"post-meta post-meta-a has-below\"><h2 class=\"is-title post-title\"><a href=\"https:\/\/partedepesca.com.ar\/d\/interceptan-en-caleta-olivia-un-camion-con-merluza-sin-procesar-rumbo-a-mar-del-plata\/\">Interceptan en Caleta Olivia un cami\u00f3n con merluza sin procesar rumbo a Mar del Plata<\/a><\/h2><div class=\"post-meta-items meta-below\"><span class=\"meta-item date\"><span class=\"date-link\"><time class=\"post-date\" datetime=\"2026-04-13T15:35:30+00:00\">13 abril, 2026<\/time><\/span><\/span><\/div><\/div>\t\t\t\n\t\t\t\n\t\t\t\n\t\t<\/div>\n\n\t\n<\/article>\t\t\n\t<\/div>\n\n\t\t\n\t\t\t<\/div>\n\n\t\t<\/section>\n\t\t\t\t\t\t<\/div>\n\t\t\t\t<\/div>\n\t\t\t\t\t<\/div>\n\t\t<\/div>\n\t\t\t\t\t<\/div>\n\t\t<\/section>\n\t\t\t\t<\/div>\n\t\t","protected":false},"excerpt":{"rendered":"<p>Actualidad El domingo abre la Seafood Expo North America en Boston redaccion6 marzo, 2023 Actualidad El \u2018Tratado de los Oc\u00e9anos\u2019 ser\u00eda un primer paso para regular la pesca ilegal redaccion4 marzo, 2023 Actualidad Cuenta regresiva para la segunda edici\u00f3n de EVENPa redaccion2 marzo, 2023 \u00daltimas noticias El domingo abre la Seafood Expo North America en<\/p>\n","protected":false},"author":6,"featured_media":0,"parent":0,"menu_order":0,"comment_status":"closed","ping_status":"closed","template":"page-templates\/no-wrapper.php","meta":{"om_disable_all_campaigns":false,"_monsterinsights_skip_tracking":false,"_monsterinsights_sitenote_active":false,"_monsterinsights_sitenote_note":"","_monsterinsights_sitenote_category":0,"footnotes":""},"class_list":["post-1239","page","type-page","status-publish"],"aioseo_notices":[],"amp_enabled":false,"_links":{"self":[{"href":"https:\/\/partedepesca.com.ar\/d\/wp-json\/wp\/v2\/pages\/1239","targetHints":{"allow":["GET"]}}],"collection":[{"href":"https:\/\/partedepesca.com.ar\/d\/wp-json\/wp\/v2\/pages"}],"about":[{"href":"https:\/\/partedepesca.com.ar\/d\/wp-json\/wp\/v2\/types\/page"}],"author":[{"embeddable":true,"href":"https:\/\/partedepesca.com.ar\/d\/wp-json\/wp\/v2\/users\/6"}],"replies":[{"embeddable":true,"href":"https:\/\/partedepesca.com.ar\/d\/wp-json\/wp\/v2\/comments?post=1239"}],"version-history":[{"count":15,"href":"https:\/\/partedepesca.com.ar\/d\/wp-json\/wp\/v2\/pages\/1239\/revisions"}],"predecessor-version":[{"id":6861,"href":"https:\/\/partedepesca.com.ar\/d\/wp-json\/wp\/v2\/pages\/1239\/revisions\/6861"}],"wp:attachment":[{"href":"https:\/\/partedepesca.com.ar\/d\/wp-json\/wp\/v2\/media?parent=1239"}],"curies":[{"name":"wp","href":"https:\/\/api.w.org\/{rel}","templated":true}]}}